{"id":77,"date":"2024-07-03T15:37:07","date_gmt":"2024-07-03T15:37:07","guid":{"rendered":"https:\/\/foiredemontmerle.fr\/?page_id=77"},"modified":"2025-07-28T16:58:16","modified_gmt":"2025-07-28T16:58:16","slug":"horaires-numeros-utiles-venir-a-montmerle","status":"publish","type":"page","link":"https:\/\/foiredemontmerle.fr\/index.php\/horaires-numeros-utiles-venir-a-montmerle\/","title":{"rendered":"Horaires &#8211; Num\u00e9ros utiles &#8211; Venir \u00e0 Montmerle"},"content":{"rendered":"\t\t<div data-elementor-type=\"wp-page\" data-elementor-id=\"77\" class=\"elementor elementor-77\">\n\t\t\t\t<div class=\"elementor-element elementor-element-7ef69ec0 e-flex e-con-boxed e-con e-parent\" data-id=\"7ef69ec0\" data-element_type=\"container\">\n\t\t\t\t\t<div class=\"e-con-inner\">\n\t\t\t\t<div class=\"elementor-element elementor-element-755ca343 elementor-widget elementor-widget-heading\" data-id=\"755ca343\" data-element_type=\"widget\" data-widget_type=\"heading.default\">\n\t\t\t\t<div class=\"elementor-widget-container\">\n\t\t\t\t\t<h2 class=\"elementor-heading-title elementor-size-default\"><i>Horaires - Num\u00e9ros d'urgence<\/i><\/h2>\t\t\t\t<\/div>\n\t\t\t\t<\/div>\n\t\t\t\t\t<\/div>\n\t\t\t\t<\/div>\n\t\t<div class=\"elementor-element elementor-element-af5070a e-flex e-con-boxed e-con e-parent\" data-id=\"af5070a\" data-element_type=\"container\">\n\t\t\t\t\t<div class=\"e-con-inner\">\n\t\t<div class=\"elementor-element elementor-element-71e2cf3 e-con-full e-flex e-con e-child\" data-id=\"71e2cf3\" data-element_type=\"container\" data-settings=\"{&quot;background_background&quot;:&quot;classic&quot;}\">\n\t\t\t\t<div class=\"elementor-element elementor-element-dbfbf3d elementor-widget elementor-widget-heading\" data-id=\"dbfbf3d\" data-element_type=\"widget\" data-widget_type=\"heading.default\">\n\t\t\t\t<div class=\"elementor-widget-container\">\n\t\t\t\t\t<h2 class=\"elementor-heading-title elementor-size-default\"><u>Vendredi 5 septembre <\/u> \u00e0 partir de19h<\/h2>\t\t\t\t<\/div>\n\t\t\t\t<\/div>\n\t\t\t\t<div class=\"elementor-element elementor-element-3557e28 elementor-widget elementor-widget-text-editor\" data-id=\"3557e28\" data-element_type=\"widget\" data-widget_type=\"text-editor.default\">\n\t\t\t\t<div class=\"elementor-widget-container\">\n\t\t\t\t\t\t\t\t\t<h6>\u00a0 \u00a0 \u00a0Place du march\u00e9<\/h6><h6>\u00a0Restauration par les associations des parents d&rsquo;\u00e9l\u00e8ves.<\/h6><h5>Spectacle danses country, magie et concert\u00a0<\/h5>\t\t\t\t\t\t\t\t<\/div>\n\t\t\t\t<\/div>\n\t\t\t\t<div class=\"elementor-element elementor-element-3d60782 elementor-widget elementor-widget-heading\" data-id=\"3d60782\" data-element_type=\"widget\" data-widget_type=\"heading.default\">\n\t\t\t\t<div class=\"elementor-widget-container\">\n\t\t\t\t\t<h2 class=\"elementor-heading-title elementor-size-default\"><u>Samedi 6 septembre <\/u> \u00e0 partir de 10 h<\/h2>\t\t\t\t<\/div>\n\t\t\t\t<\/div>\n\t\t\t\t<div class=\"elementor-element elementor-element-1b8d3d1 elementor-widget elementor-widget-text-editor\" data-id=\"1b8d3d1\" data-element_type=\"widget\" data-widget_type=\"text-editor.default\">\n\t\t\t\t<div class=\"elementor-widget-container\">\n\t\t\t\t\t\t\t\t\t<h6>\u00a0 \u00a0 \u00a0Centre village, Bords de Sa\u00f4ne, Site des m\u00fbriers<\/h6><h6>\u00a0 \u00a0 \u00a0Foire commerciale, animations, spectacles \u00e9questres.<\/h6>\t\t\t\t\t\t\t\t<\/div>\n\t\t\t\t<\/div>\n\t\t\t\t<\/div>\n\t\t<div class=\"elementor-element elementor-element-7c74938 e-con-full e-flex e-con e-child\" data-id=\"7c74938\" data-element_type=\"container\" data-settings=\"{&quot;background_background&quot;:&quot;classic&quot;}\">\n\t\t\t\t<div class=\"elementor-element elementor-element-10e5134 elementor-widget elementor-widget-heading\" data-id=\"10e5134\" data-element_type=\"widget\" data-widget_type=\"heading.default\">\n\t\t\t\t<div class=\"elementor-widget-container\">\n\t\t\t\t\t<h2 class=\"elementor-heading-title elementor-size-default\">PC Gendarmerie<\/h2>\t\t\t\t<\/div>\n\t\t\t\t<\/div>\n\t\t\t\t<div class=\"elementor-element elementor-element-db6e816 elementor-widget elementor-widget-text-editor\" data-id=\"db6e816\" data-element_type=\"widget\" data-widget_type=\"text-editor.default\">\n\t\t\t\t<div class=\"elementor-widget-container\">\n\t\t\t\t\t\t\t\t\t<h6>Place de la mairie &#8211; Salle des bateliers<\/h6><h4>\u00a0<\/h4>\t\t\t\t\t\t\t\t<\/div>\n\t\t\t\t<\/div>\n\t\t\t\t<div class=\"elementor-element elementor-element-16643db elementor-widget elementor-widget-heading\" data-id=\"16643db\" data-element_type=\"widget\" data-widget_type=\"heading.default\">\n\t\t\t\t<div class=\"elementor-widget-container\">\n\t\t\t\t\t<h2 class=\"elementor-heading-title elementor-size-default\">Quartier G\u00e9n\u00e9ral foire<\/h2>\t\t\t\t<\/div>\n\t\t\t\t<\/div>\n\t\t\t\t<div class=\"elementor-element elementor-element-6584755 elementor-widget elementor-widget-text-editor\" data-id=\"6584755\" data-element_type=\"widget\" data-widget_type=\"text-editor.default\">\n\t\t\t\t<div class=\"elementor-widget-container\">\n\t\t\t\t\t\t\t\t\t<h6>Place de la mairie &#8211; Salle des bateliers<\/h6><h5>06 79 42 61 98<\/h5>\t\t\t\t\t\t\t\t<\/div>\n\t\t\t\t<\/div>\n\t\t\t\t<\/div>\n\t\t<div class=\"elementor-element elementor-element-1fd9c2d e-con-full e-flex e-con e-child\" data-id=\"1fd9c2d\" data-element_type=\"container\" data-settings=\"{&quot;background_background&quot;:&quot;classic&quot;}\">\n\t\t\t\t<div class=\"elementor-element elementor-element-dcbc82a elementor-widget elementor-widget-heading\" data-id=\"dcbc82a\" data-element_type=\"widget\" data-widget_type=\"heading.default\">\n\t\t\t\t<div class=\"elementor-widget-container\">\n\t\t\t\t\t<h2 class=\"elementor-heading-title elementor-size-default\">Informations<\/h2>\t\t\t\t<\/div>\n\t\t\t\t<\/div>\n\t\t\t\t<div class=\"elementor-element elementor-element-1c86e9b elementor-widget elementor-widget-text-editor\" data-id=\"1c86e9b\" data-element_type=\"widget\" data-widget_type=\"text-editor.default\">\n\t\t\t\t<div class=\"elementor-widget-container\">\n\t\t\t\t\t\t\t\t\t<h6>Place du march\u00e9<\/h6><h6><strong>Stand d&rsquo;informations sur animations, spectacles.<\/strong><\/h6>\t\t\t\t\t\t\t\t<\/div>\n\t\t\t\t<\/div>\n\t\t\t\t<div class=\"elementor-element elementor-element-6c70975 elementor-widget elementor-widget-heading\" data-id=\"6c70975\" data-element_type=\"widget\" data-widget_type=\"heading.default\">\n\t\t\t\t<div class=\"elementor-widget-container\">\n\t\t\t\t\t<h2 class=\"elementor-heading-title elementor-size-default\">Toilettes publics<\/h2>\t\t\t\t<\/div>\n\t\t\t\t<\/div>\n\t\t\t\t<div class=\"elementor-element elementor-element-a24421a elementor-widget elementor-widget-text-editor\" data-id=\"a24421a\" data-element_type=\"widget\" data-widget_type=\"text-editor.default\">\n\t\t\t\t<div class=\"elementor-widget-container\">\n\t\t\t\t\t\t\t\t\t<h6>Place du march\u00e9<\/h6><h6>Parc de la batellerie<\/h6>\t\t\t\t\t\t\t\t<\/div>\n\t\t\t\t<\/div>\n\t\t\t\t<\/div>\n\t\t\t\t\t<\/div>\n\t\t\t\t<\/div>\n\t\t<div class=\"elementor-element elementor-element-2270ef54 e-flex e-con-boxed e-con e-parent\" data-id=\"2270ef54\" data-element_type=\"container\">\n\t\t\t\t\t<div class=\"e-con-inner\">\n\t\t\t\t<div class=\"elementor-element elementor-element-1fde3eb6 elementor-widget elementor-widget-heading\" data-id=\"1fde3eb6\" data-element_type=\"widget\" data-widget_type=\"heading.default\">\n\t\t\t\t<div class=\"elementor-widget-container\">\n\t\t\t\t\t<h2 class=\"elementor-heading-title elementor-size-default\"><i>Venir \u00e0 Montmerle<\/i><\/h2>\t\t\t\t<\/div>\n\t\t\t\t<\/div>\n\t\t\t\t\t<\/div>\n\t\t\t\t<\/div>\n\t\t<div class=\"elementor-element elementor-element-f47d709 e-flex e-con-boxed e-con e-parent\" data-id=\"f47d709\" data-element_type=\"container\">\n\t\t\t\t\t<div class=\"e-con-inner\">\n\t\t\t\t<div class=\"elementor-element elementor-element-75c66d6 elementor-widget elementor-widget-google_maps\" data-id=\"75c66d6\" data-element_type=\"widget\" data-widget_type=\"google_maps.default\">\n\t\t\t\t<div class=\"elementor-widget-container\">\n\t\t\t\t\t\t\t<div class=\"elementor-custom-embed\">\n\t\t\t<iframe loading=\"lazy\"\n\t\t\t\t\tsrc=\"https:\/\/maps.google.com\/maps?q=montmerle%20sur%20saone&#038;t=m&#038;z=11&#038;output=embed&#038;iwloc=near\"\n\t\t\t\t\ttitle=\"montmerle sur saone\"\n\t\t\t\t\taria-label=\"montmerle sur saone\"\n\t\t\t><\/iframe>\n\t\t<\/div>\n\t\t\t\t\t\t<\/div>\n\t\t\t\t<\/div>\n\t\t\t\t\t<\/div>\n\t\t\t\t<\/div>\n\t\t\t\t<\/div>\n\t\t","protected":false},"excerpt":{"rendered":"<p>Horaires &#8211; Num\u00e9ros d&rsquo;urgence Vendredi 5 septembre \u00e0 partir de19h \u00a0 \u00a0 \u00a0Place du march\u00e9 \u00a0Restauration par les associations des parents d&rsquo;\u00e9l\u00e8ves. Spectacle danses country, magie et concert\u00a0 Samedi 6 [&hellip;]<\/p>\n","protected":false},"author":1,"featured_media":0,"parent":0,"menu_order":0,"comment_status":"closed","ping_status":"closed","template":"","meta":{"ocean_post_layout":"full-width","ocean_both_sidebars_style":"","ocean_both_sidebars_content_width":0,"ocean_both_sidebars_sidebars_width":0,"ocean_sidebar":"","ocean_second_sidebar":"","ocean_disable_margins":"enable","ocean_add_body_class":"","ocean_shortcode_before_top_bar":"","ocean_shortcode_after_top_bar":"","ocean_shortcode_before_header":"","ocean_shortcode_after_header":"","ocean_has_shortcode":"","ocean_shortcode_after_title":"","ocean_shortcode_before_footer_widgets":"","ocean_shortcode_after_footer_widgets":"","ocean_shortcode_before_footer_bottom":"","ocean_shortcode_after_footer_bottom":"","ocean_display_top_bar":"default","ocean_display_header":"default","ocean_header_style":"","ocean_center_header_left_menu":"","ocean_custom_header_template":"","ocean_custom_logo":0,"ocean_custom_retina_logo":0,"ocean_custom_logo_max_width":0,"ocean_custom_logo_tablet_max_width":0,"ocean_custom_logo_mobile_max_width":0,"ocean_custom_logo_max_height":0,"ocean_custom_logo_tablet_max_height":0,"ocean_custom_logo_mobile_max_height":0,"ocean_header_custom_menu":"","ocean_menu_typo_font_family":"","ocean_menu_typo_font_subset":"","ocean_menu_typo_font_size":0,"ocean_menu_typo_font_size_tablet":0,"ocean_menu_typo_font_size_mobile":0,"ocean_menu_typo_font_size_unit":"px","ocean_menu_typo_font_weight":"","ocean_menu_typo_font_weight_tablet":"","ocean_menu_typo_font_weight_mobile":"","ocean_menu_typo_transform":"","ocean_menu_typo_transform_tablet":"","ocean_menu_typo_transform_mobile":"","ocean_menu_typo_line_height":0,"ocean_menu_typo_line_height_tablet":0,"ocean_menu_typo_line_height_mobile":0,"ocean_menu_typo_line_height_unit":"","ocean_menu_typo_spacing":0,"ocean_menu_typo_spacing_tablet":0,"ocean_menu_typo_spacing_mobile":0,"ocean_menu_typo_spacing_unit":"","ocean_menu_link_color":"","ocean_menu_link_color_hover":"","ocean_menu_link_color_active":"","ocean_menu_link_background":"","ocean_menu_link_hover_background":"","ocean_menu_link_active_background":"","ocean_menu_social_links_bg":"","ocean_menu_social_hover_links_bg":"","ocean_menu_social_links_color":"","ocean_menu_social_hover_links_color":"","ocean_disable_title":"on","ocean_disable_heading":"default","ocean_post_title":"","ocean_post_subheading":"","ocean_post_title_style":"","ocean_post_title_background_color":"","ocean_post_title_background":0,"ocean_post_title_bg_image_position":"","ocean_post_title_bg_image_attachment":"","ocean_post_title_bg_image_repeat":"","ocean_post_title_bg_image_size":"","ocean_post_title_height":0,"ocean_post_title_bg_overlay":0.5,"ocean_post_title_bg_overlay_color":"","ocean_disable_breadcrumbs":"default","ocean_breadcrumbs_color":"","ocean_breadcrumbs_separator_color":"","ocean_breadcrumbs_links_color":"","ocean_breadcrumbs_links_hover_color":"","ocean_display_footer_widgets":"default","ocean_display_footer_bottom":"default","ocean_custom_footer_template":"","footnotes":""},"class_list":["post-77","page","type-page","status-publish","hentry","entry"],"yoast_head":"<!-- This site is optimized with the Yoast SEO plugin v25.5 - https:\/\/yoast.com\/wordpress\/plugins\/seo\/ -->\n<title>Horaires - Num\u00e9ros utiles - Venir \u00e0 Montmerle - Foire de Montmerle sur Sa\u00f4ne<\/title>\n<meta name=\"robots\" content=\"index, follow, max-snippet:-1, max-image-preview:large, max-video-preview:-1\" \/>\n<link rel=\"canonical\" href=\"https:\/\/foiredemontmerle.fr\/index.php\/horaires-numeros-utiles-venir-a-montmerle\/\" \/>\n<meta property=\"og:locale\" content=\"fr_FR\" \/>\n<meta property=\"og:type\" content=\"article\" \/>\n<meta property=\"og:title\" content=\"Horaires - Num\u00e9ros utiles - Venir \u00e0 Montmerle - Foire de Montmerle sur Sa\u00f4ne\" \/>\n<meta property=\"og:description\" content=\"Horaires &#8211; Num\u00e9ros d&rsquo;urgence Vendredi 5 septembre \u00e0 partir de19h \u00a0 \u00a0 \u00a0Place du march\u00e9 \u00a0Restauration par les associations des parents d&rsquo;\u00e9l\u00e8ves. Spectacle danses country, magie et concert\u00a0 Samedi 6 [&hellip;]\" \/>\n<meta property=\"og:url\" content=\"https:\/\/foiredemontmerle.fr\/index.php\/horaires-numeros-utiles-venir-a-montmerle\/\" \/>\n<meta property=\"og:site_name\" content=\"Foire de Montmerle sur Sa\u00f4ne\" \/>\n<meta property=\"article:publisher\" content=\"https:\/\/www.facebook.com\/profile.php?id=61558611375023\" \/>\n<meta property=\"article:modified_time\" content=\"2025-07-28T16:58:16+00:00\" \/>\n<meta name=\"twitter:card\" content=\"summary_large_image\" \/>\n<meta name=\"twitter:label1\" content=\"Dur\u00e9e de lecture estim\u00e9e\" \/>\n\t<meta name=\"twitter:data1\" content=\"1 minute\" \/>\n<script type=\"application\/ld+json\" class=\"yoast-schema-graph\">{\"@context\":\"https:\/\/schema.org\",\"@graph\":[{\"@type\":\"WebPage\",\"@id\":\"https:\/\/foiredemontmerle.fr\/index.php\/horaires-numeros-utiles-venir-a-montmerle\/\",\"url\":\"https:\/\/foiredemontmerle.fr\/index.php\/horaires-numeros-utiles-venir-a-montmerle\/\",\"name\":\"Horaires - Num\u00e9ros utiles - Venir \u00e0 Montmerle - Foire de Montmerle sur Sa\u00f4ne\",\"isPartOf\":{\"@id\":\"https:\/\/foiredemontmerle.fr\/#website\"},\"datePublished\":\"2024-07-03T15:37:07+00:00\",\"dateModified\":\"2025-07-28T16:58:16+00:00\",\"breadcrumb\":{\"@id\":\"https:\/\/foiredemontmerle.fr\/index.php\/horaires-numeros-utiles-venir-a-montmerle\/#breadcrumb\"},\"inLanguage\":\"fr-FR\",\"potentialAction\":[{\"@type\":\"ReadAction\",\"target\":[\"https:\/\/foiredemontmerle.fr\/index.php\/horaires-numeros-utiles-venir-a-montmerle\/\"]}]},{\"@type\":\"BreadcrumbList\",\"@id\":\"https:\/\/foiredemontmerle.fr\/index.php\/horaires-numeros-utiles-venir-a-montmerle\/#breadcrumb\",\"itemListElement\":[{\"@type\":\"ListItem\",\"position\":1,\"name\":\"Accueil\",\"item\":\"https:\/\/foiredemontmerle.fr\/\"},{\"@type\":\"ListItem\",\"position\":2,\"name\":\"Horaires &#8211; Num\u00e9ros utiles &#8211; Venir \u00e0 Montmerle\"}]},{\"@type\":\"WebSite\",\"@id\":\"https:\/\/foiredemontmerle.fr\/#website\",\"url\":\"https:\/\/foiredemontmerle.fr\/\",\"name\":\"Foire de Montmerle sur Sa\u00f4ne\",\"description\":\"\",\"publisher\":{\"@id\":\"https:\/\/foiredemontmerle.fr\/#organization\"},\"potentialAction\":[{\"@type\":\"SearchAction\",\"target\":{\"@type\":\"EntryPoint\",\"urlTemplate\":\"https:\/\/foiredemontmerle.fr\/?s={search_term_string}\"},\"query-input\":{\"@type\":\"PropertyValueSpecification\",\"valueRequired\":true,\"valueName\":\"search_term_string\"}}],\"inLanguage\":\"fr-FR\"},{\"@type\":\"Organization\",\"@id\":\"https:\/\/foiredemontmerle.fr\/#organization\",\"name\":\"Foire de Montmerle sur Sa\u00f4ne\",\"url\":\"https:\/\/foiredemontmerle.fr\/\",\"logo\":{\"@type\":\"ImageObject\",\"inLanguage\":\"fr-FR\",\"@id\":\"https:\/\/foiredemontmerle.fr\/#\/schema\/logo\/image\/\",\"url\":\"https:\/\/foiredemontmerle.fr\/wp-content\/uploads\/2024\/06\/cropped-Foire-de-Montmerle-VIERGE-512x512-web.jpg\",\"contentUrl\":\"https:\/\/foiredemontmerle.fr\/wp-content\/uploads\/2024\/06\/cropped-Foire-de-Montmerle-VIERGE-512x512-web.jpg\",\"width\":512,\"height\":432,\"caption\":\"Foire de Montmerle sur Sa\u00f4ne\"},\"image\":{\"@id\":\"https:\/\/foiredemontmerle.fr\/#\/schema\/logo\/image\/\"},\"sameAs\":[\"https:\/\/www.facebook.com\/profile.php?id=61558611375023\",\"https:\/\/www.instagram.com\/foire.montmerlesursaone\/\"]}]}<\/script>\n<!-- \/ Yoast SEO plugin. -->","yoast_head_json":{"title":"Horaires - Num\u00e9ros utiles - Venir \u00e0 Montmerle - Foire de Montmerle sur Sa\u00f4ne","robots":{"index":"index","follow":"follow","max-snippet":"max-snippet:-1","max-image-preview":"max-image-preview:large","max-video-preview":"max-video-preview:-1"},"canonical":"https:\/\/foiredemontmerle.fr\/index.php\/horaires-numeros-utiles-venir-a-montmerle\/","og_locale":"fr_FR","og_type":"article","og_title":"Horaires - Num\u00e9ros utiles - Venir \u00e0 Montmerle - Foire de Montmerle sur Sa\u00f4ne","og_description":"Horaires &#8211; Num\u00e9ros d&rsquo;urgence Vendredi 5 septembre \u00e0 partir de19h \u00a0 \u00a0 \u00a0Place du march\u00e9 \u00a0Restauration par les associations des parents d&rsquo;\u00e9l\u00e8ves. Spectacle danses country, magie et concert\u00a0 Samedi 6 [&hellip;]","og_url":"https:\/\/foiredemontmerle.fr\/index.php\/horaires-numeros-utiles-venir-a-montmerle\/","og_site_name":"Foire de Montmerle sur Sa\u00f4ne","article_publisher":"https:\/\/www.facebook.com\/profile.php?id=61558611375023","article_modified_time":"2025-07-28T16:58:16+00:00","twitter_card":"summary_large_image","twitter_misc":{"Dur\u00e9e de lecture estim\u00e9e":"1 minute"},"schema":{"@context":"https:\/\/schema.org","@graph":[{"@type":"WebPage","@id":"https:\/\/foiredemontmerle.fr\/index.php\/horaires-numeros-utiles-venir-a-montmerle\/","url":"https:\/\/foiredemontmerle.fr\/index.php\/horaires-numeros-utiles-venir-a-montmerle\/","name":"Horaires - Num\u00e9ros utiles - Venir \u00e0 Montmerle - Foire de Montmerle sur Sa\u00f4ne","isPartOf":{"@id":"https:\/\/foiredemontmerle.fr\/#website"},"datePublished":"2024-07-03T15:37:07+00:00","dateModified":"2025-07-28T16:58:16+00:00","breadcrumb":{"@id":"https:\/\/foiredemontmerle.fr\/index.php\/horaires-numeros-utiles-venir-a-montmerle\/#breadcrumb"},"inLanguage":"fr-FR","potentialAction":[{"@type":"ReadAction","target":["https:\/\/foiredemontmerle.fr\/index.php\/horaires-numeros-utiles-venir-a-montmerle\/"]}]},{"@type":"BreadcrumbList","@id":"https:\/\/foiredemontmerle.fr\/index.php\/horaires-numeros-utiles-venir-a-montmerle\/#breadcrumb","itemListElement":[{"@type":"ListItem","position":1,"name":"Accueil","item":"https:\/\/foiredemontmerle.fr\/"},{"@type":"ListItem","position":2,"name":"Horaires &#8211; Num\u00e9ros utiles &#8211; Venir \u00e0 Montmerle"}]},{"@type":"WebSite","@id":"https:\/\/foiredemontmerle.fr\/#website","url":"https:\/\/foiredemontmerle.fr\/","name":"Foire de Montmerle sur Sa\u00f4ne","description":"","publisher":{"@id":"https:\/\/foiredemontmerle.fr\/#organization"},"potentialAction":[{"@type":"SearchAction","target":{"@type":"EntryPoint","urlTemplate":"https:\/\/foiredemontmerle.fr\/?s={search_term_string}"},"query-input":{"@type":"PropertyValueSpecification","valueRequired":true,"valueName":"search_term_string"}}],"inLanguage":"fr-FR"},{"@type":"Organization","@id":"https:\/\/foiredemontmerle.fr\/#organization","name":"Foire de Montmerle sur Sa\u00f4ne","url":"https:\/\/foiredemontmerle.fr\/","logo":{"@type":"ImageObject","inLanguage":"fr-FR","@id":"https:\/\/foiredemontmerle.fr\/#\/schema\/logo\/image\/","url":"https:\/\/foiredemontmerle.fr\/wp-content\/uploads\/2024\/06\/cropped-Foire-de-Montmerle-VIERGE-512x512-web.jpg","contentUrl":"https:\/\/foiredemontmerle.fr\/wp-content\/uploads\/2024\/06\/cropped-Foire-de-Montmerle-VIERGE-512x512-web.jpg","width":512,"height":432,"caption":"Foire de Montmerle sur Sa\u00f4ne"},"image":{"@id":"https:\/\/foiredemontmerle.fr\/#\/schema\/logo\/image\/"},"sameAs":["https:\/\/www.facebook.com\/profile.php?id=61558611375023","https:\/\/www.instagram.com\/foire.montmerlesursaone\/"]}]}},"_links":{"self":[{"href":"https:\/\/foiredemontmerle.fr\/index.php\/wp-json\/wp\/v2\/pages\/77","targetHints":{"allow":["GET"]}}],"collection":[{"href":"https:\/\/foiredemontmerle.fr\/index.php\/wp-json\/wp\/v2\/pages"}],"about":[{"href":"https:\/\/foiredemontmerle.fr\/index.php\/wp-json\/wp\/v2\/types\/page"}],"author":[{"embeddable":true,"href":"https:\/\/foiredemontmerle.fr\/index.php\/wp-json\/wp\/v2\/users\/1"}],"replies":[{"embeddable":true,"href":"https:\/\/foiredemontmerle.fr\/index.php\/wp-json\/wp\/v2\/comments?post=77"}],"version-history":[{"count":37,"href":"https:\/\/foiredemontmerle.fr\/index.php\/wp-json\/wp\/v2\/pages\/77\/revisions"}],"predecessor-version":[{"id":2703,"href":"https:\/\/foiredemontmerle.fr\/index.php\/wp-json\/wp\/v2\/pages\/77\/revisions\/2703"}],"wp:attachment":[{"href":"https:\/\/foiredemontmerle.fr\/index.php\/wp-json\/wp\/v2\/media?parent=77"}],"curies":[{"name":"wp","href":"https:\/\/api.w.org\/{rel}","templated":true}]}}