{"id":2502,"date":"2025-07-17T15:17:15","date_gmt":"2025-07-17T15:17:15","guid":{"rendered":"https:\/\/foiredemontmerle.fr\/?page_id=2502"},"modified":"2025-08-01T09:55:33","modified_gmt":"2025-08-01T09:55:33","slug":"programme-samedi-6-septembre","status":"publish","type":"page","link":"https:\/\/foiredemontmerle.fr\/index.php\/programme-samedi-6-septembre\/","title":{"rendered":"Programme samedi 6 septembre"},"content":{"rendered":"\t\t<div data-elementor-type=\"wp-page\" data-elementor-id=\"2502\" class=\"elementor elementor-2502\">\n\t\t\t\t<div class=\"elementor-element elementor-element-213458dc e-flex e-con-boxed e-con e-parent\" data-id=\"213458dc\" data-element_type=\"container\">\n\t\t\t\t\t<div class=\"e-con-inner\">\n\t\t\t\t<div class=\"elementor-element elementor-element-362a4787 elementor-widget elementor-widget-heading\" data-id=\"362a4787\" data-element_type=\"widget\" data-widget_type=\"heading.default\">\n\t\t\t\t<div class=\"elementor-widget-container\">\n\t\t\t\t\t<h2 class=\"elementor-heading-title elementor-size-default\"><i>Spectacles du samedi 6 septembre<\/i><\/h2>\t\t\t\t<\/div>\n\t\t\t\t<\/div>\n\t\t\t\t\t<\/div>\n\t\t\t\t<\/div>\n\t\t<div class=\"elementor-element elementor-element-5e314e1 e-flex e-con-boxed e-con e-parent\" data-id=\"5e314e1\" data-element_type=\"container\">\n\t\t\t\t\t<div class=\"e-con-inner\">\n\t\t\t\t<div class=\"elementor-element elementor-element-5ae97c7 elementor-widget elementor-widget-the-events-calendar-addon\" data-id=\"5ae97c7\" data-element_type=\"widget\" data-widget_type=\"the-events-calendar-addon.default\">\n\t\t\t\t<div class=\"elementor-widget-container\">\n\t\t\t\t\t<!=========Events list Template 1.6.18=========><div id=\"ectbe-wrapper-5ae97c7\" class=\"ectbe-wrapper ectbe-list-wrapper style-1\"><div id=\"event-2478\" class=\"ectbe-inner-wrapper ectbe-simple-event\"><div class=\"ectbe-date-area\">\n                                <span class=\"ectbe-ev-day\">06<\/span>\n                                <span class=\"ectbe-ev-mo\">septembre<\/span>\n                                <span class=\"ectbe-evt-time\"><span class=\"ectbe-icon\"><i class=\"ectbe-icon-clock\" aria-hidden=\"true\"><\/i><\/span>11h00 - 12h30<\/span>\n                                <\/div><div class=\"ectbe-content-box\"><div class=\"ectbe-ev-cate\"><ul class=\"ectbe-evt-category\"><li class=\"ectbe-each-cate\"><a href=\"https:\/\/foiredemontmerle.fr\/index.php\/events\/categorie\/horaire\/\" rel=\"tag\">Horaire<\/a><\/li><li class=\"ectbe-each-cate\"><a href=\"https:\/\/foiredemontmerle.fr\/index.php\/events\/categorie\/les-temps-forts-muriers\/\" rel=\"tag\">Les temps forts M\u00fbriers<\/a><\/li><li class=\"ectbe-each-cate\"><a href=\"https:\/\/foiredemontmerle.fr\/index.php\/events\/categorie\/site-des-muriers\/\" rel=\"tag\">Site des m\u00fbriers<\/a><\/li><\/ul><\/div><div class=\"ectbe-evt-title\"><a class=\"ectbe-evt-url\" href=\"https:\/\/foiredemontmerle.fr\/index.php\/event\/spectacles-equestres\/\">Spectacles \u00e9questres<\/a><\/div><div class=\"ectbe-evt-time\"><i class=\"ectbe-icon-clock\"><\/i>11h00 - 12h30<\/div><div class=\"ectbe-evt-venue\"><span class=\"ectbe-icon\"><i class=\"ectbe-icon-location\" aria-hidden=\"true\"><\/i><\/span>\n\t\t\t\t\t\t<span class=\"ectbe-venue-details ectbe-address\">Site des m\u00fbriers,<span class=\"tribe-address\">\n\n\n\n\n\n\n<\/span>\n<\/span><\/div><div class=\"ectbe-evt-description\"><p>Le programme : \u00c9curie des petits flocons : d\u00e9monstration et pr\u00e9sentation du cheval miniature \u00c9curie du moulin : d\u00e9monstration de lassos, Barrel racing, cowboy relay race, parade au drapeau Equitra [&hellip;]<\/p>\n<\/div><\/div><div class=\"ectbe-evt-more-box\"><a class=\"ectbe-evt-read-more\" href=\"https:\/\/foiredemontmerle.fr\/index.php\/event\/spectacles-equestres\/\">Find out more<\/a><\/div><\/div><div id=\"event-2486\" class=\"ectbe-inner-wrapper ectbe-simple-event\"><div class=\"ectbe-date-area\">\n                                <span class=\"ectbe-ev-day\">06<\/span>\n                                <span class=\"ectbe-ev-mo\">septembre<\/span>\n                                <span class=\"ectbe-evt-time\"><span class=\"ectbe-icon\"><i class=\"ectbe-icon-clock\" aria-hidden=\"true\"><\/i><\/span>14h30 - 16h00<\/span>\n                                <\/div><div class=\"ectbe-content-box\"><div class=\"ectbe-ev-cate\"><ul class=\"ectbe-evt-category\"><li class=\"ectbe-each-cate\"><a href=\"https:\/\/foiredemontmerle.fr\/index.php\/events\/categorie\/horaire\/\" rel=\"tag\">Horaire<\/a><\/li><li class=\"ectbe-each-cate\"><a href=\"https:\/\/foiredemontmerle.fr\/index.php\/events\/categorie\/les-temps-forts-muriers\/\" rel=\"tag\">Les temps forts M\u00fbriers<\/a><\/li><li class=\"ectbe-each-cate\"><a href=\"https:\/\/foiredemontmerle.fr\/index.php\/events\/categorie\/site-des-muriers\/\" rel=\"tag\">Site des m\u00fbriers<\/a><\/li><\/ul><\/div><div class=\"ectbe-evt-title\"><a class=\"ectbe-evt-url\" href=\"https:\/\/foiredemontmerle.fr\/index.php\/event\/spectacles-equestres-2\/\">Spectacles \u00e9questres<\/a><\/div><div class=\"ectbe-evt-time\"><i class=\"ectbe-icon-clock\"><\/i>14h30 - 16h00<\/div><div class=\"ectbe-evt-venue\"><span class=\"ectbe-icon\"><i class=\"ectbe-icon-location\" aria-hidden=\"true\"><\/i><\/span>\n\t\t\t\t\t\t<span class=\"ectbe-venue-details ectbe-address\">Site des m\u00fbriers,<span class=\"tribe-address\">\n\n\n\n\n\n\n<\/span>\n<\/span><\/div><div class=\"ectbe-evt-description\"><p>Le programme : Equitra : un carrousel sur la musique Bailar batcha, loco escrito de Juan Daniel \u00c9curie du moulin : d\u00e9monstration de lassos, Barrel racing, cowboy relay race, parade [&hellip;]<\/p>\n<\/div><\/div><div class=\"ectbe-evt-more-box\"><a class=\"ectbe-evt-read-more\" href=\"https:\/\/foiredemontmerle.fr\/index.php\/event\/spectacles-equestres-2\/\">Find out more<\/a><\/div><\/div><div id=\"event-2494\" class=\"ectbe-inner-wrapper ectbe-simple-event\"><div class=\"ectbe-date-area\">\n                                <span class=\"ectbe-ev-day\">06<\/span>\n                                <span class=\"ectbe-ev-mo\">septembre<\/span>\n                                <span class=\"ectbe-evt-time\"><span class=\"ectbe-icon\"><i class=\"ectbe-icon-clock\" aria-hidden=\"true\"><\/i><\/span>16h00 - 16h30<\/span>\n                                <\/div><div class=\"ectbe-content-box\"><div class=\"ectbe-ev-cate\"><ul class=\"ectbe-evt-category\"><li class=\"ectbe-each-cate\"><a href=\"https:\/\/foiredemontmerle.fr\/index.php\/events\/categorie\/bords-de-saone\/\" rel=\"tag\">Bords de Sa\u00f4ne<\/a><\/li><li class=\"ectbe-each-cate\"><a href=\"https:\/\/foiredemontmerle.fr\/index.php\/events\/categorie\/horaire\/\" rel=\"tag\">Horaire<\/a><\/li><li class=\"ectbe-each-cate\"><a href=\"https:\/\/foiredemontmerle.fr\/index.php\/events\/categorie\/les-temps-forts-saone\/\" rel=\"tag\">Les temps forts Sa\u00f4ne<\/a><\/li><\/ul><\/div><div class=\"ectbe-evt-title\"><a class=\"ectbe-evt-url\" href=\"https:\/\/foiredemontmerle.fr\/index.php\/event\/spectacle-nautique-les-dragons-boats\/\">Spectacle nautique. Dragon Boats<\/a><\/div><div class=\"ectbe-evt-time\"><i class=\"ectbe-icon-clock\"><\/i>16h00 - 16h30<\/div><div class=\"ectbe-evt-venue\"><span class=\"ectbe-icon\"><i class=\"ectbe-icon-location\" aria-hidden=\"true\"><\/i><\/span>\n\t\t\t\t\t\t<span class=\"ectbe-venue-details ectbe-address\">Bords de Sa\u00f4ne,<span class=\"tribe-address\">\n\n\n\n\n\n\n<\/span>\n<\/span><\/div><div class=\"ectbe-evt-description\"><p>Toute la journ\u00e9e, venez vivre une exp\u00e9rience de navigation en vous initiant \u00e0 l'art de la pagaie. Apprenez cette technique sp\u00e9ciale et ressentez la puissance du mouvement. Et tentez de [&hellip;]<\/p>\n<\/div><\/div><div class=\"ectbe-evt-more-box\"><a class=\"ectbe-evt-read-more\" href=\"https:\/\/foiredemontmerle.fr\/index.php\/event\/spectacle-nautique-les-dragons-boats\/\">Find out more<\/a><\/div><\/div><div id=\"event-890\" class=\"ectbe-inner-wrapper ectbe-simple-event\"><div class=\"ectbe-date-area\">\n                                <span class=\"ectbe-ev-day\">06<\/span>\n                                <span class=\"ectbe-ev-mo\">septembre<\/span>\n                                <span class=\"ectbe-evt-time\"><span class=\"ectbe-icon\"><i class=\"ectbe-icon-clock\" aria-hidden=\"true\"><\/i><\/span>17h30 - 18h30<\/span>\n                                <\/div><div class=\"ectbe-content-box\"><div class=\"ectbe-ev-cate\"><ul class=\"ectbe-evt-category\"><li class=\"ectbe-each-cate\"><a href=\"https:\/\/foiredemontmerle.fr\/index.php\/events\/categorie\/horaire\/\" rel=\"tag\">Horaire<\/a><\/li><li class=\"ectbe-each-cate\"><a href=\"https:\/\/foiredemontmerle.fr\/index.php\/events\/categorie\/les-temps-forts-place-du-marche\/\" rel=\"tag\">Les temps forts place du march\u00e9<\/a><\/li><li class=\"ectbe-each-cate\"><a href=\"https:\/\/foiredemontmerle.fr\/index.php\/events\/categorie\/place-du-marche\/\" rel=\"tag\">Place du march\u00e9<\/a><\/li><\/ul><\/div><div class=\"ectbe-evt-title\"><a class=\"ectbe-evt-url\" href=\"https:\/\/foiredemontmerle.fr\/index.php\/event\/spectacle-cirque-les-freres-perez\/\">Spectacle cirque - Les fr\u00e8res Perez<\/a><\/div><div class=\"ectbe-evt-time\"><i class=\"ectbe-icon-clock\"><\/i>17h30 - 18h30<\/div><div class=\"ectbe-evt-venue\"><span class=\"ectbe-icon\"><i class=\"ectbe-icon-location\" aria-hidden=\"true\"><\/i><\/span>\n\t\t\t\t\t\t<span class=\"ectbe-venue-details ectbe-address\">Place du march\u00e9,<span class=\"tribe-address\">\n\n\n\n\n\n\n<\/span>\n<\/span><\/div><div class=\"ectbe-evt-description\"><p>Clown, musique &amp; cirque (acrobatie, jonglerie, \u00e9quilibres, rolla rolla, monocycle grande hauteur, passing). &nbsp; Deux fr\u00e8res originaires d\u2019Espagne. Ambitieux, Pablo part \u00e0 l\u2019\u00e9tranger se produire \u00e0 Las Vegas. Mais il [&hellip;]<\/p>\n<\/div><\/div><div class=\"ectbe-evt-more-box\"><a class=\"ectbe-evt-read-more\" href=\"https:\/\/foiredemontmerle.fr\/index.php\/event\/spectacle-cirque-les-freres-perez\/\">Find out more<\/a><\/div><\/div><div id=\"event-229\" class=\"ectbe-inner-wrapper ectbe-simple-event\"><div class=\"ectbe-date-area\">\n                                <span class=\"ectbe-ev-day\">06<\/span>\n                                <span class=\"ectbe-ev-mo\">septembre<\/span>\n                                <span class=\"ectbe-evt-time\"><span class=\"ectbe-icon\"><i class=\"ectbe-icon-clock\" aria-hidden=\"true\"><\/i><\/span>20h00 - 22h00<\/span>\n                                <\/div><div class=\"ectbe-content-box\"><div class=\"ectbe-ev-cate\"><ul class=\"ectbe-evt-category\"><li class=\"ectbe-each-cate\"><a href=\"https:\/\/foiredemontmerle.fr\/index.php\/events\/categorie\/horaire\/\" rel=\"tag\">Horaire<\/a><\/li><li class=\"ectbe-each-cate\"><a href=\"https:\/\/foiredemontmerle.fr\/index.php\/events\/categorie\/place-du-marche\/\" rel=\"tag\">Place du march\u00e9<\/a><\/li><\/ul><\/div><div class=\"ectbe-evt-title\"><a class=\"ectbe-evt-url\" href=\"https:\/\/foiredemontmerle.fr\/index.php\/event\/soiree-musique-reprises-pop-rock-queen-pinkfloyd-red-hot-et-chansons-populaires-francaises\/\">Cover Edge : Reprises pop rock et chansons populaires fran\u00e7aises.<\/a><\/div><div class=\"ectbe-evt-time\"><i class=\"ectbe-icon-clock\"><\/i>20h00 - 22h00<\/div><div class=\"ectbe-evt-venue\"><span class=\"ectbe-icon\"><i class=\"ectbe-icon-location\" aria-hidden=\"true\"><\/i><\/span>\n\t\t\t\t\t\t<span class=\"ectbe-venue-details ectbe-address\">Place du march\u00e9,<span class=\"tribe-address\">\n\n\n\n\n\n\n<\/span>\n<\/span><\/div><div class=\"ectbe-evt-description\"><p>De la chanson avec un mix de reprises populaires fran\u00e7aises et pop rock (Queen, Pink Floyd\u2026).<\/p>\n<\/div><\/div><div class=\"ectbe-evt-more-box\"><a class=\"ectbe-evt-read-more\" href=\"https:\/\/foiredemontmerle.fr\/index.php\/event\/soiree-musique-reprises-pop-rock-queen-pinkfloyd-red-hot-et-chansons-populaires-francaises\/\">Find out more<\/a><\/div><\/div><\/div>\t\t\t\t<\/div>\n\t\t\t\t<\/div>\n\t\t\t\t\t<\/div>\n\t\t\t\t<\/div>\n\t\t<div class=\"elementor-element elementor-element-49459eb e-flex e-con-boxed e-con e-parent\" data-id=\"49459eb\" data-element_type=\"container\">\n\t\t\t\t\t<div class=\"e-con-inner\">\n\t\t\t\t<div class=\"elementor-element elementor-element-cceed55 elementor-widget elementor-widget-heading\" data-id=\"cceed55\" data-element_type=\"widget\" data-widget_type=\"heading.default\">\n\t\t\t\t<div class=\"elementor-widget-container\">\n\t\t\t\t\t<h2 class=\"elementor-heading-title elementor-size-default\"><i>Animations du samedi 6 septembre toute la journ\u00e9e- Site des M\u00fbriers<\/i><\/h2>\t\t\t\t<\/div>\n\t\t\t\t<\/div>\n\t\t<div class=\"elementor-element elementor-element-43e30c9 e-con-full e-flex e-con e-child\" data-id=\"43e30c9\" data-element_type=\"container\">\n\t\t\t\t<div class=\"elementor-element elementor-element-67212a9 elementor-widget elementor-widget-htmega-postcarousel-addons\" data-id=\"67212a9\" data-element_type=\"widget\" data-settings=\"{&quot;carousel_post_type&quot;:&quot;post&quot;}\" data-widget_type=\"htmega-postcarousel-addons.default\">\n\t\t\t\t<div class=\"elementor-widget-container\">\n\t\t\t\t\t            <div class=\"post-carousel-wrapper htmega-postcarousel-layout-2 htmega-verticle-center-arrow sid67212a9\">\n                <div dir=\"ltr\" class=\"htmega-carousel-activation\" data-settings=\"{&quot;sectionid&quot;:&quot;sid67212a9&quot;,&quot;arrows&quot;:true,&quot;arrow_prev_txt&quot;:&quot;&lt;svg class=\\&quot;e-font-icon-svg e-fas-angle-left\\&quot; viewBox=\\&quot;0 0 256 512\\&quot; xmlns=\\&quot;http:\\\/\\\/www.w3.org\\\/2000\\\/svg\\&quot;&gt;&lt;path d=\\&quot;M31.7 239l136-136c9.4-9.4 24.6-9.4 33.9 0l22.6 22.6c9.4 9.4 9.4 24.6 0 33.9L127.9 256l96.4 96.4c9.4 9.4 9.4 24.6 0 33.9L201.7 409c-9.4 9.4-24.6 9.4-33.9 0l-136-136c-9.5-9.4-9.5-24.6-.1-34z\\&quot;&gt;&lt;\\\/path&gt;&lt;\\\/svg&gt;&quot;,&quot;arrow_next_txt&quot;:&quot;&lt;svg class=\\&quot;e-font-icon-svg e-fas-angle-right\\&quot; viewBox=\\&quot;0 0 256 512\\&quot; xmlns=\\&quot;http:\\\/\\\/www.w3.org\\\/2000\\\/svg\\&quot;&gt;&lt;path d=\\&quot;M224.3 273l-136 136c-9.4 9.4-24.6 9.4-33.9 0l-22.6-22.6c-9.4-9.4-9.4-24.6 0-33.9l96.4-96.4-96.4-96.4c-9.4-9.4-9.4-24.6 0-33.9L54.3 103c9.4-9.4 24.6-9.4 33.9 0l136 136c9.5 9.4 9.5 24.6.1 34z\\&quot;&gt;&lt;\\\/path&gt;&lt;\\\/svg&gt;&quot;,&quot;dots&quot;:false,&quot;autoplay&quot;:true,&quot;autoplay_speed&quot;:3000,&quot;animation_speed&quot;:300,&quot;slloop&quot;:true,&quot;pause_on_hover&quot;:true,&quot;center_mode&quot;:false,&quot;center_padding&quot;:0,&quot;equal_height_column&quot;:false,&quot;equal_height_column_class&quot;:&quot;.post-inner&quot;,&quot;display_columns&quot;:4,&quot;scroll_columns&quot;:1,&quot;tablet_width&quot;:750,&quot;tablet_display_columns&quot;:1,&quot;tablet_scroll_columns&quot;:1,&quot;mobile_width&quot;:480,&quot;mobile_display_columns&quot;:1,&quot;mobile_scroll_columns&quot;:1}\" style=\"display:none;\">\n\n                    \n                                                    <div class=\"htmega-single-post-slide htmega-postslider-layout-2\" >\n                                <div class=\"thumb\">\n                                    <a href=\"https:\/\/foiredemontmerle.fr\/index.php\/2025\/07\/24\/musee-du-velo-de-tournus\/\"><img fetchpriority=\"high\" decoding=\"async\" width=\"600\" height=\"320\" src=\"https:\/\/foiredemontmerle.fr\/wp-content\/uploads\/2025\/07\/musee-du-velo-600x320.jpg\" class=\"attachment-ocean-thumb-m size-ocean-thumb-m wp-post-image\" alt=\"\" \/><\/a>\n                                <\/div>\n                                            <div class=\"content htmega-solid\">\n                <div class=\"post-inner\">\n                    \n                    \n                                                <h2><a href=\"https:\/\/foiredemontmerle.fr\/index.php\/2025\/07\/24\/musee-du-velo-de-tournus\/\">Mus\u00e9e du v\u00e9lo de Tournus<\/a><\/h2>\n                        \n                    \n                    <p>Mus\u00e9e du v\u00e9lo de Tournus\u00a0le Mus\u00e9e du V\u00e9lo Michel-Gr\u00e9zaud est sans doute le plus important des mus\u00e9es fran\u00e7ais exclusivement consacr\u00e9s au v\u00e9lo<\/p>\n                    \n                                            <div class=\"post-btn\">\n                            <a class=\"readmore-btn\" href=\"https:\/\/foiredemontmerle.fr\/index.php\/2025\/07\/24\/musee-du-velo-de-tournus\/\">Plus d'infos<\/a>\n                        <\/div>\n                    \n                <\/div>\n            <\/div>\n                                    <\/div>\n\n                        \n                        \n                                                    <div class=\"htmega-single-post-slide htmega-postslider-layout-2\" >\n                                <div class=\"thumb\">\n                                    <a href=\"https:\/\/foiredemontmerle.fr\/index.php\/2025\/07\/24\/ecole-de-musique-de-montmerle\/\"><img decoding=\"async\" width=\"600\" height=\"600\" src=\"https:\/\/foiredemontmerle.fr\/wp-content\/uploads\/2025\/07\/ecole-musique-600x600.avif\" class=\"attachment-ocean-thumb-m size-ocean-thumb-m wp-post-image\" alt=\"\" srcset=\"https:\/\/foiredemontmerle.fr\/wp-content\/uploads\/2025\/07\/ecole-musique-600x600.avif 600w, https:\/\/foiredemontmerle.fr\/wp-content\/uploads\/2025\/07\/ecole-musique-150x150.avif 150w\" sizes=\"(max-width: 600px) 100vw, 600px\" \/><\/a>\n                                <\/div>\n                                            <div class=\"content htmega-solid\">\n                <div class=\"post-inner\">\n                    \n                    \n                                                <h2><a href=\"https:\/\/foiredemontmerle.fr\/index.php\/2025\/07\/24\/ecole-de-musique-de-montmerle\/\">Ecole de musique de Montmerle<\/a><\/h2>\n                        \n                    \n                    <p>Ecole de musique de MontmerleAnimation festive avec la Batucada \u00ab La Bategr\u00e9llia \u00bb.\u00a0Animation et initiation des instruments avec les enseignants.Musique | Www.ecoledemusique3rivieres.com<\/p>\n                    \n                                            <div class=\"post-btn\">\n                            <a class=\"readmore-btn\" href=\"https:\/\/foiredemontmerle.fr\/index.php\/2025\/07\/24\/ecole-de-musique-de-montmerle\/\">Plus d'infos<\/a>\n                        <\/div>\n                    \n                <\/div>\n            <\/div>\n                                    <\/div>\n\n                        \n                        \n                                                    <div class=\"htmega-single-post-slide htmega-postslider-layout-2\" >\n                                <div class=\"thumb\">\n                                    <a href=\"https:\/\/foiredemontmerle.fr\/index.php\/2025\/07\/24\/maquillage\/\"><img decoding=\"async\" width=\"277\" height=\"402\" src=\"https:\/\/foiredemontmerle.fr\/wp-content\/uploads\/2024\/10\/Maquillage-2.jpg\" class=\"attachment-ocean-thumb-m size-ocean-thumb-m wp-post-image\" alt=\"\" srcset=\"https:\/\/foiredemontmerle.fr\/wp-content\/uploads\/2024\/10\/Maquillage-2.jpg 277w, https:\/\/foiredemontmerle.fr\/wp-content\/uploads\/2024\/10\/Maquillage-2-207x300.jpg 207w\" sizes=\"(max-width: 277px) 100vw, 277px\" \/><\/a>\n                                <\/div>\n                                            <div class=\"content htmega-solid\">\n                <div class=\"post-inner\">\n                    \n                    \n                                                <h2><a href=\"https:\/\/foiredemontmerle.fr\/index.php\/2025\/07\/24\/maquillage\/\">Maquillage<\/a><\/h2>\n                        \n                    \n                    <p>Stella maquillage\u00a0Repartez avec un joli minois r\u00e9alis\u00e9 par Stella.<\/p>\n                    \n                                            <div class=\"post-btn\">\n                            <a class=\"readmore-btn\" href=\"https:\/\/foiredemontmerle.fr\/index.php\/2025\/07\/24\/maquillage\/\">Plus d'infos<\/a>\n                        <\/div>\n                    \n                <\/div>\n            <\/div>\n                                    <\/div>\n\n                        \n                        \n                                                    <div class=\"htmega-single-post-slide htmega-postslider-layout-2\" >\n                                <div class=\"thumb\">\n                                    <a href=\"https:\/\/foiredemontmerle.fr\/index.php\/2025\/07\/24\/manege-ecolo\/\"><img loading=\"lazy\" decoding=\"async\" width=\"600\" height=\"600\" src=\"https:\/\/foiredemontmerle.fr\/wp-content\/uploads\/2025\/07\/manege-ecolo-600x600.webp\" class=\"attachment-ocean-thumb-m size-ocean-thumb-m wp-post-image\" alt=\"\" srcset=\"https:\/\/foiredemontmerle.fr\/wp-content\/uploads\/2025\/07\/manege-ecolo-600x600.webp 600w, https:\/\/foiredemontmerle.fr\/wp-content\/uploads\/2025\/07\/manege-ecolo-150x150.webp 150w\" sizes=\"(max-width: 600px) 100vw, 600px\" \/><\/a>\n                                <\/div>\n                                            <div class=\"content htmega-solid\">\n                <div class=\"post-inner\">\n                    \n                    \n                                                <h2><a href=\"https:\/\/foiredemontmerle.fr\/index.php\/2025\/07\/24\/manege-ecolo\/\">Man\u00e8ge \u00e9colo<\/a><\/h2>\n                        \n                    \n                    <p>Anim' aventures Man\u00e8ge \u00e9coloLes parents p\u00e9dalent, les enfants s'envolent ..https:\/\/animaventures.fr\/<\/p>\n                    \n                                            <div class=\"post-btn\">\n                            <a class=\"readmore-btn\" href=\"https:\/\/foiredemontmerle.fr\/index.php\/2025\/07\/24\/manege-ecolo\/\">Plus d'infos<\/a>\n                        <\/div>\n                    \n                <\/div>\n            <\/div>\n                                    <\/div>\n\n                        \n                        \n                                                    <div class=\"htmega-single-post-slide htmega-postslider-layout-2\" >\n                                <div class=\"thumb\">\n                                    <a href=\"https:\/\/foiredemontmerle.fr\/index.php\/2025\/07\/24\/les-jeux-en-bois\/\"><img loading=\"lazy\" decoding=\"async\" width=\"600\" height=\"532\" src=\"https:\/\/foiredemontmerle.fr\/wp-content\/uploads\/2024\/10\/Foire2024095-600x532.jpg\" class=\"attachment-ocean-thumb-m size-ocean-thumb-m wp-post-image\" alt=\"\" \/><\/a>\n                                <\/div>\n                                            <div class=\"content htmega-solid\">\n                <div class=\"post-inner\">\n                    \n                    \n                                                <h2><a href=\"https:\/\/foiredemontmerle.fr\/index.php\/2025\/07\/24\/les-jeux-en-bois\/\">Les jeux en bois<\/a><\/h2>\n                        \n                    \n                    <p>Jeux en bois - Ankikikaspattes\u00a0Venez vous amuser en famille \u00e0 de nombreux jeux en boishttps:\/\/www.facebook.com\/ankikikaspatte\/<\/p>\n                    \n                                            <div class=\"post-btn\">\n                            <a class=\"readmore-btn\" href=\"https:\/\/foiredemontmerle.fr\/index.php\/2025\/07\/24\/les-jeux-en-bois\/\">Plus d'infos<\/a>\n                        <\/div>\n                    \n                <\/div>\n            <\/div>\n                                    <\/div>\n\n                        \n                        \n                                                    <div class=\"htmega-single-post-slide htmega-postslider-layout-2\" >\n                                <div class=\"thumb\">\n                                    <a href=\"https:\/\/foiredemontmerle.fr\/index.php\/2025\/07\/24\/le-mur-descalade\/\"><img loading=\"lazy\" decoding=\"async\" width=\"600\" height=\"600\" src=\"https:\/\/foiredemontmerle.fr\/wp-content\/uploads\/2024\/10\/Foire2024105-600x600.jpg\" class=\"attachment-ocean-thumb-m size-ocean-thumb-m wp-post-image\" alt=\"\" srcset=\"https:\/\/foiredemontmerle.fr\/wp-content\/uploads\/2024\/10\/Foire2024105-600x600.jpg 600w, https:\/\/foiredemontmerle.fr\/wp-content\/uploads\/2024\/10\/Foire2024105-150x150.jpg 150w\" sizes=\"(max-width: 600px) 100vw, 600px\" \/><\/a>\n                                <\/div>\n                                            <div class=\"content htmega-solid\">\n                <div class=\"post-inner\">\n                    \n                    \n                                                <h2><a href=\"https:\/\/foiredemontmerle.fr\/index.php\/2025\/07\/24\/le-mur-descalade\/\">Le mur d&rsquo;escalade<\/a><\/h2>\n                        \n                    \n                    <p>Mur d'ecaladeVenez vous initier \u00e0 l'escalade sur ce mur d'une hauteur de 6 m\u00e8tres.\u00a0https:\/\/www.cpeavv.com\/<\/p>\n                    \n                                            <div class=\"post-btn\">\n                            <a class=\"readmore-btn\" href=\"https:\/\/foiredemontmerle.fr\/index.php\/2025\/07\/24\/le-mur-descalade\/\">Plus d'infos<\/a>\n                        <\/div>\n                    \n                <\/div>\n            <\/div>\n                                    <\/div>\n\n                        \n                        \n                                                    <div class=\"htmega-single-post-slide htmega-postslider-layout-2\" >\n                                <div class=\"thumb\">\n                                    <a href=\"https:\/\/foiredemontmerle.fr\/index.php\/2025\/07\/17\/les-structures-gonflables\/\"><img loading=\"lazy\" decoding=\"async\" width=\"600\" height=\"532\" src=\"https:\/\/foiredemontmerle.fr\/wp-content\/uploads\/2024\/10\/Foire2024092-600x532.jpg\" class=\"attachment-ocean-thumb-m size-ocean-thumb-m wp-post-image\" alt=\"\" \/><\/a>\n                                <\/div>\n                                            <div class=\"content htmega-solid\">\n                <div class=\"post-inner\">\n                    \n                    \n                                                <h2><a href=\"https:\/\/foiredemontmerle.fr\/index.php\/2025\/07\/17\/les-structures-gonflables\/\">Les structures gonflables<\/a><\/h2>\n                        \n                    \n                    <p>KV events Les structures gonflablesPour les petits et moins petits, venez vous \u00e9clater toute la journ\u00e9e sur les immenses structures gonflables.Entreprise de<\/p>\n                    \n                                            <div class=\"post-btn\">\n                            <a class=\"readmore-btn\" href=\"https:\/\/foiredemontmerle.fr\/index.php\/2025\/07\/17\/les-structures-gonflables\/\">Plus d'infos<\/a>\n                        <\/div>\n                    \n                <\/div>\n            <\/div>\n                                    <\/div>\n\n                        \n                        \n                                                    <div class=\"htmega-single-post-slide htmega-postslider-layout-2\" >\n                                <div class=\"thumb\">\n                                    <a href=\"https:\/\/foiredemontmerle.fr\/index.php\/2024\/09\/04\/les-brebis-de-julien\/\"><img loading=\"lazy\" decoding=\"async\" width=\"200\" height=\"199\" src=\"https:\/\/foiredemontmerle.fr\/wp-content\/uploads\/2024\/09\/les-brebis-de-Julien.jpg\" class=\"attachment-ocean-thumb-m size-ocean-thumb-m wp-post-image\" alt=\"\" srcset=\"https:\/\/foiredemontmerle.fr\/wp-content\/uploads\/2024\/09\/les-brebis-de-Julien.jpg 200w, https:\/\/foiredemontmerle.fr\/wp-content\/uploads\/2024\/09\/les-brebis-de-Julien-150x150.jpg 150w\" sizes=\"(max-width: 200px) 100vw, 200px\" \/><\/a>\n                                <\/div>\n                                            <div class=\"content htmega-solid\">\n                <div class=\"post-inner\">\n                    \n                    \n                                                <h2><a href=\"https:\/\/foiredemontmerle.fr\/index.php\/2024\/09\/04\/les-brebis-de-julien\/\">La mini-ferme \u00ab\u00a0Les brebis de Julien\u00a0\u00bb<\/a><\/h2>\n                        \n                    \n                    <p>Les brebis de JulienVenez voir une mini ferme et profitez de la vente de fromages et l\u00e9gumes en direct de la ferme.Francheleins06<\/p>\n                    \n                                            <div class=\"post-btn\">\n                            <a class=\"readmore-btn\" href=\"https:\/\/foiredemontmerle.fr\/index.php\/2024\/09\/04\/les-brebis-de-julien\/\">Plus d'infos<\/a>\n                        <\/div>\n                    \n                <\/div>\n            <\/div>\n                                    <\/div>\n\n                        \n                        \n                <\/div>\n            <\/div>\n            \n            \n\n        \t\t\t\t<\/div>\n\t\t\t\t<\/div>\n\t\t\t\t<\/div>\n\t\t\t\t\t<\/div>\n\t\t\t\t<\/div>\n\t\t\t\t<\/div>\n\t\t","protected":false},"excerpt":{"rendered":"<p>Spectacles du samedi 6 septembre 06 septembre 11h00 &#8211; 12h30 Horaire Les temps forts M\u00fbriers Site des m\u00fbriers Spectacles \u00e9questres11h00 &#8211; 12h30 Site des m\u00fbriers, Le programme : \u00c9curie des [&hellip;]<\/p>\n","protected":false},"author":1,"featured_media":2261,"parent":0,"menu_order":0,"comment_status":"closed","ping_status":"closed","template":"","meta":{"ocean_post_layout":"full-width","ocean_both_sidebars_style":"","ocean_both_sidebars_content_width":0,"ocean_both_sidebars_sidebars_width":0,"ocean_sidebar":"","ocean_second_sidebar":"","ocean_disable_margins":"enable","ocean_add_body_class":"","ocean_shortcode_before_top_bar":"","ocean_shortcode_after_top_bar":"","ocean_shortcode_before_header":"","ocean_shortcode_after_header":"","ocean_has_shortcode":"","ocean_shortcode_after_title":"","ocean_shortcode_before_footer_widgets":"","ocean_shortcode_after_footer_widgets":"","ocean_shortcode_before_footer_bottom":"","ocean_shortcode_after_footer_bottom":"","ocean_display_top_bar":"default","ocean_display_header":"default","ocean_header_style":"","ocean_center_header_left_menu":"","ocean_custom_header_template":"","ocean_custom_logo":0,"ocean_custom_retina_logo":0,"ocean_custom_logo_max_width":0,"ocean_custom_logo_tablet_max_width":0,"ocean_custom_logo_mobile_max_width":0,"ocean_custom_logo_max_height":0,"ocean_custom_logo_tablet_max_height":0,"ocean_custom_logo_mobile_max_height":0,"ocean_header_custom_menu":"","ocean_menu_typo_font_family":"","ocean_menu_typo_font_subset":"","ocean_menu_typo_font_size":0,"ocean_menu_typo_font_size_tablet":0,"ocean_menu_typo_font_size_mobile":0,"ocean_menu_typo_font_size_unit":"px","ocean_menu_typo_font_weight":"","ocean_menu_typo_font_weight_tablet":"","ocean_menu_typo_font_weight_mobile":"","ocean_menu_typo_transform":"","ocean_menu_typo_transform_tablet":"","ocean_menu_typo_transform_mobile":"","ocean_menu_typo_line_height":0,"ocean_menu_typo_line_height_tablet":0,"ocean_menu_typo_line_height_mobile":0,"ocean_menu_typo_line_height_unit":"","ocean_menu_typo_spacing":0,"ocean_menu_typo_spacing_tablet":0,"ocean_menu_typo_spacing_mobile":0,"ocean_menu_typo_spacing_unit":"","ocean_menu_link_color":"","ocean_menu_link_color_hover":"","ocean_menu_link_color_active":"","ocean_menu_link_background":"","ocean_menu_link_hover_background":"","ocean_menu_link_active_background":"","ocean_menu_social_links_bg":"","ocean_menu_social_hover_links_bg":"","ocean_menu_social_links_color":"","ocean_menu_social_hover_links_color":"","ocean_disable_title":"on","ocean_disable_heading":"default","ocean_post_title":"","ocean_post_subheading":"","ocean_post_title_style":"","ocean_post_title_background_color":"","ocean_post_title_background":0,"ocean_post_title_bg_image_position":"","ocean_post_title_bg_image_attachment":"","ocean_post_title_bg_image_repeat":"","ocean_post_title_bg_image_size":"","ocean_post_title_height":0,"ocean_post_title_bg_overlay":0.5,"ocean_post_title_bg_overlay_color":"","ocean_disable_breadcrumbs":"default","ocean_breadcrumbs_color":"","ocean_breadcrumbs_separator_color":"","ocean_breadcrumbs_links_color":"","ocean_breadcrumbs_links_hover_color":"","ocean_display_footer_widgets":"default","ocean_display_footer_bottom":"default","ocean_custom_footer_template":"","footnotes":""},"class_list":["post-2502","page","type-page","status-publish","has-post-thumbnail","hentry","entry","has-media"],"yoast_head":"<!-- This site is optimized with the Yoast SEO plugin v25.5 - https:\/\/yoast.com\/wordpress\/plugins\/seo\/ -->\n<title>Programme samedi 6 septembre - Foire de Montmerle sur Sa\u00f4ne<\/title>\n<meta name=\"description\" content=\"Une journ\u00e9e festive autour de la foire commerciale. Toute la journ\u00e9e des spectacles et animations gratuits sur terre et sur la Sa\u00f4ne.\" \/>\n<meta name=\"robots\" content=\"index, follow, max-snippet:-1, max-image-preview:large, max-video-preview:-1\" \/>\n<link rel=\"canonical\" href=\"https:\/\/foiredemontmerle.fr\/index.php\/programme-samedi-6-septembre\/\" \/>\n<meta property=\"og:locale\" content=\"fr_FR\" \/>\n<meta property=\"og:type\" content=\"article\" \/>\n<meta property=\"og:title\" content=\"Programme samedi 6 septembre - Foire de Montmerle sur Sa\u00f4ne\" \/>\n<meta property=\"og:description\" content=\"Une journ\u00e9e festive autour de la foire commerciale. Toute la journ\u00e9e des spectacles et animations gratuits sur terre et sur la Sa\u00f4ne.\" \/>\n<meta property=\"og:url\" content=\"https:\/\/foiredemontmerle.fr\/index.php\/programme-samedi-6-septembre\/\" \/>\n<meta property=\"og:site_name\" content=\"Foire de Montmerle sur Sa\u00f4ne\" \/>\n<meta property=\"article:publisher\" content=\"https:\/\/www.facebook.com\/profile.php?id=61558611375023\" \/>\n<meta property=\"article:modified_time\" content=\"2025-08-01T09:55:33+00:00\" \/>\n<meta property=\"og:image\" content=\"https:\/\/foiredemontmerle.fr\/wp-content\/uploads\/2024\/10\/Foire2024065.jpg\" \/>\n\t<meta property=\"og:image:width\" content=\"800\" \/>\n\t<meta property=\"og:image:height\" content=\"533\" \/>\n\t<meta property=\"og:image:type\" content=\"image\/jpeg\" \/>\n<meta name=\"twitter:card\" content=\"summary_large_image\" \/>\n<meta name=\"twitter:label1\" content=\"Dur\u00e9e de lecture estim\u00e9e\" \/>\n\t<meta name=\"twitter:data1\" content=\"9 minutes\" \/>\n<script type=\"application\/ld+json\" class=\"yoast-schema-graph\">{\"@context\":\"https:\/\/schema.org\",\"@graph\":[{\"@type\":\"WebPage\",\"@id\":\"https:\/\/foiredemontmerle.fr\/index.php\/programme-samedi-6-septembre\/\",\"url\":\"https:\/\/foiredemontmerle.fr\/index.php\/programme-samedi-6-septembre\/\",\"name\":\"Programme samedi 6 septembre - Foire de Montmerle sur Sa\u00f4ne\",\"isPartOf\":{\"@id\":\"https:\/\/foiredemontmerle.fr\/#website\"},\"primaryImageOfPage\":{\"@id\":\"https:\/\/foiredemontmerle.fr\/index.php\/programme-samedi-6-septembre\/#primaryimage\"},\"image\":{\"@id\":\"https:\/\/foiredemontmerle.fr\/index.php\/programme-samedi-6-septembre\/#primaryimage\"},\"thumbnailUrl\":\"https:\/\/foiredemontmerle.fr\/wp-content\/uploads\/2024\/10\/Foire2024065.jpg\",\"datePublished\":\"2025-07-17T15:17:15+00:00\",\"dateModified\":\"2025-08-01T09:55:33+00:00\",\"description\":\"Une journ\u00e9e festive autour de la foire commerciale. Toute la journ\u00e9e des spectacles et animations gratuits sur terre et sur la Sa\u00f4ne.\",\"breadcrumb\":{\"@id\":\"https:\/\/foiredemontmerle.fr\/index.php\/programme-samedi-6-septembre\/#breadcrumb\"},\"inLanguage\":\"fr-FR\",\"potentialAction\":[{\"@type\":\"ReadAction\",\"target\":[\"https:\/\/foiredemontmerle.fr\/index.php\/programme-samedi-6-septembre\/\"]}]},{\"@type\":\"ImageObject\",\"inLanguage\":\"fr-FR\",\"@id\":\"https:\/\/foiredemontmerle.fr\/index.php\/programme-samedi-6-septembre\/#primaryimage\",\"url\":\"https:\/\/foiredemontmerle.fr\/wp-content\/uploads\/2024\/10\/Foire2024065.jpg\",\"contentUrl\":\"https:\/\/foiredemontmerle.fr\/wp-content\/uploads\/2024\/10\/Foire2024065.jpg\",\"width\":800,\"height\":533},{\"@type\":\"BreadcrumbList\",\"@id\":\"https:\/\/foiredemontmerle.fr\/index.php\/programme-samedi-6-septembre\/#breadcrumb\",\"itemListElement\":[{\"@type\":\"ListItem\",\"position\":1,\"name\":\"Accueil\",\"item\":\"https:\/\/foiredemontmerle.fr\/\"},{\"@type\":\"ListItem\",\"position\":2,\"name\":\"Programme samedi 6 septembre\"}]},{\"@type\":\"WebSite\",\"@id\":\"https:\/\/foiredemontmerle.fr\/#website\",\"url\":\"https:\/\/foiredemontmerle.fr\/\",\"name\":\"Foire de Montmerle sur Sa\u00f4ne\",\"description\":\"\",\"publisher\":{\"@id\":\"https:\/\/foiredemontmerle.fr\/#organization\"},\"potentialAction\":[{\"@type\":\"SearchAction\",\"target\":{\"@type\":\"EntryPoint\",\"urlTemplate\":\"https:\/\/foiredemontmerle.fr\/?s={search_term_string}\"},\"query-input\":{\"@type\":\"PropertyValueSpecification\",\"valueRequired\":true,\"valueName\":\"search_term_string\"}}],\"inLanguage\":\"fr-FR\"},{\"@type\":\"Organization\",\"@id\":\"https:\/\/foiredemontmerle.fr\/#organization\",\"name\":\"Foire de Montmerle sur Sa\u00f4ne\",\"url\":\"https:\/\/foiredemontmerle.fr\/\",\"logo\":{\"@type\":\"ImageObject\",\"inLanguage\":\"fr-FR\",\"@id\":\"https:\/\/foiredemontmerle.fr\/#\/schema\/logo\/image\/\",\"url\":\"https:\/\/foiredemontmerle.fr\/wp-content\/uploads\/2024\/06\/cropped-Foire-de-Montmerle-VIERGE-512x512-web.jpg\",\"contentUrl\":\"https:\/\/foiredemontmerle.fr\/wp-content\/uploads\/2024\/06\/cropped-Foire-de-Montmerle-VIERGE-512x512-web.jpg\",\"width\":512,\"height\":432,\"caption\":\"Foire de Montmerle sur Sa\u00f4ne\"},\"image\":{\"@id\":\"https:\/\/foiredemontmerle.fr\/#\/schema\/logo\/image\/\"},\"sameAs\":[\"https:\/\/www.facebook.com\/profile.php?id=61558611375023\",\"https:\/\/www.instagram.com\/foire.montmerlesursaone\/\"]}]}<\/script>\n<!-- \/ Yoast SEO plugin. -->","yoast_head_json":{"title":"Programme samedi 6 septembre - Foire de Montmerle sur Sa\u00f4ne","description":"Une journ\u00e9e festive autour de la foire commerciale. Toute la journ\u00e9e des spectacles et animations gratuits sur terre et sur la Sa\u00f4ne.","robots":{"index":"index","follow":"follow","max-snippet":"max-snippet:-1","max-image-preview":"max-image-preview:large","max-video-preview":"max-video-preview:-1"},"canonical":"https:\/\/foiredemontmerle.fr\/index.php\/programme-samedi-6-septembre\/","og_locale":"fr_FR","og_type":"article","og_title":"Programme samedi 6 septembre - Foire de Montmerle sur Sa\u00f4ne","og_description":"Une journ\u00e9e festive autour de la foire commerciale. Toute la journ\u00e9e des spectacles et animations gratuits sur terre et sur la Sa\u00f4ne.","og_url":"https:\/\/foiredemontmerle.fr\/index.php\/programme-samedi-6-septembre\/","og_site_name":"Foire de Montmerle sur Sa\u00f4ne","article_publisher":"https:\/\/www.facebook.com\/profile.php?id=61558611375023","article_modified_time":"2025-08-01T09:55:33+00:00","og_image":[{"width":800,"height":533,"url":"https:\/\/foiredemontmerle.fr\/wp-content\/uploads\/2024\/10\/Foire2024065.jpg","type":"image\/jpeg"}],"twitter_card":"summary_large_image","twitter_misc":{"Dur\u00e9e de lecture estim\u00e9e":"9 minutes"},"schema":{"@context":"https:\/\/schema.org","@graph":[{"@type":"WebPage","@id":"https:\/\/foiredemontmerle.fr\/index.php\/programme-samedi-6-septembre\/","url":"https:\/\/foiredemontmerle.fr\/index.php\/programme-samedi-6-septembre\/","name":"Programme samedi 6 septembre - Foire de Montmerle sur Sa\u00f4ne","isPartOf":{"@id":"https:\/\/foiredemontmerle.fr\/#website"},"primaryImageOfPage":{"@id":"https:\/\/foiredemontmerle.fr\/index.php\/programme-samedi-6-septembre\/#primaryimage"},"image":{"@id":"https:\/\/foiredemontmerle.fr\/index.php\/programme-samedi-6-septembre\/#primaryimage"},"thumbnailUrl":"https:\/\/foiredemontmerle.fr\/wp-content\/uploads\/2024\/10\/Foire2024065.jpg","datePublished":"2025-07-17T15:17:15+00:00","dateModified":"2025-08-01T09:55:33+00:00","description":"Une journ\u00e9e festive autour de la foire commerciale. Toute la journ\u00e9e des spectacles et animations gratuits sur terre et sur la Sa\u00f4ne.","breadcrumb":{"@id":"https:\/\/foiredemontmerle.fr\/index.php\/programme-samedi-6-septembre\/#breadcrumb"},"inLanguage":"fr-FR","potentialAction":[{"@type":"ReadAction","target":["https:\/\/foiredemontmerle.fr\/index.php\/programme-samedi-6-septembre\/"]}]},{"@type":"ImageObject","inLanguage":"fr-FR","@id":"https:\/\/foiredemontmerle.fr\/index.php\/programme-samedi-6-septembre\/#primaryimage","url":"https:\/\/foiredemontmerle.fr\/wp-content\/uploads\/2024\/10\/Foire2024065.jpg","contentUrl":"https:\/\/foiredemontmerle.fr\/wp-content\/uploads\/2024\/10\/Foire2024065.jpg","width":800,"height":533},{"@type":"BreadcrumbList","@id":"https:\/\/foiredemontmerle.fr\/index.php\/programme-samedi-6-septembre\/#breadcrumb","itemListElement":[{"@type":"ListItem","position":1,"name":"Accueil","item":"https:\/\/foiredemontmerle.fr\/"},{"@type":"ListItem","position":2,"name":"Programme samedi 6 septembre"}]},{"@type":"WebSite","@id":"https:\/\/foiredemontmerle.fr\/#website","url":"https:\/\/foiredemontmerle.fr\/","name":"Foire de Montmerle sur Sa\u00f4ne","description":"","publisher":{"@id":"https:\/\/foiredemontmerle.fr\/#organization"},"potentialAction":[{"@type":"SearchAction","target":{"@type":"EntryPoint","urlTemplate":"https:\/\/foiredemontmerle.fr\/?s={search_term_string}"},"query-input":{"@type":"PropertyValueSpecification","valueRequired":true,"valueName":"search_term_string"}}],"inLanguage":"fr-FR"},{"@type":"Organization","@id":"https:\/\/foiredemontmerle.fr\/#organization","name":"Foire de Montmerle sur Sa\u00f4ne","url":"https:\/\/foiredemontmerle.fr\/","logo":{"@type":"ImageObject","inLanguage":"fr-FR","@id":"https:\/\/foiredemontmerle.fr\/#\/schema\/logo\/image\/","url":"https:\/\/foiredemontmerle.fr\/wp-content\/uploads\/2024\/06\/cropped-Foire-de-Montmerle-VIERGE-512x512-web.jpg","contentUrl":"https:\/\/foiredemontmerle.fr\/wp-content\/uploads\/2024\/06\/cropped-Foire-de-Montmerle-VIERGE-512x512-web.jpg","width":512,"height":432,"caption":"Foire de Montmerle sur Sa\u00f4ne"},"image":{"@id":"https:\/\/foiredemontmerle.fr\/#\/schema\/logo\/image\/"},"sameAs":["https:\/\/www.facebook.com\/profile.php?id=61558611375023","https:\/\/www.instagram.com\/foire.montmerlesursaone\/"]}]}},"_links":{"self":[{"href":"https:\/\/foiredemontmerle.fr\/index.php\/wp-json\/wp\/v2\/pages\/2502","targetHints":{"allow":["GET"]}}],"collection":[{"href":"https:\/\/foiredemontmerle.fr\/index.php\/wp-json\/wp\/v2\/pages"}],"about":[{"href":"https:\/\/foiredemontmerle.fr\/index.php\/wp-json\/wp\/v2\/types\/page"}],"author":[{"embeddable":true,"href":"https:\/\/foiredemontmerle.fr\/index.php\/wp-json\/wp\/v2\/users\/1"}],"replies":[{"embeddable":true,"href":"https:\/\/foiredemontmerle.fr\/index.php\/wp-json\/wp\/v2\/comments?post=2502"}],"version-history":[{"count":34,"href":"https:\/\/foiredemontmerle.fr\/index.php\/wp-json\/wp\/v2\/pages\/2502\/revisions"}],"predecessor-version":[{"id":2721,"href":"https:\/\/foiredemontmerle.fr\/index.php\/wp-json\/wp\/v2\/pages\/2502\/revisions\/2721"}],"wp:featuredmedia":[{"embeddable":true,"href":"https:\/\/foiredemontmerle.fr\/index.php\/wp-json\/wp\/v2\/media\/2261"}],"wp:attachment":[{"href":"https:\/\/foiredemontmerle.fr\/index.php\/wp-json\/wp\/v2\/media?parent=2502"}],"curies":[{"name":"wp","href":"https:\/\/api.w.org\/{rel}","templated":true}]}}