{"id":2428,"date":"2025-07-16T13:54:00","date_gmt":"2025-07-16T13:54:00","guid":{"rendered":"https:\/\/foiredemontmerle.fr\/?page_id=2428"},"modified":"2025-07-16T14:39:36","modified_gmt":"2025-07-16T14:39:36","slug":"programme-vendredi-5","status":"publish","type":"page","link":"https:\/\/foiredemontmerle.fr\/index.php\/programme-vendredi-5\/","title":{"rendered":"Programme vendredi 5 septembre"},"content":{"rendered":"\t\t<div data-elementor-type=\"wp-page\" data-elementor-id=\"2428\" class=\"elementor elementor-2428\">\n\t\t\t\t<div class=\"elementor-element elementor-element-213458dc e-flex e-con-boxed e-con e-parent\" data-id=\"213458dc\" data-element_type=\"container\">\n\t\t\t\t\t<div class=\"e-con-inner\">\n\t\t\t\t<div class=\"elementor-element elementor-element-362a4787 elementor-widget elementor-widget-heading\" data-id=\"362a4787\" data-element_type=\"widget\" data-widget_type=\"heading.default\">\n\t\t\t\t<div class=\"elementor-widget-container\">\n\t\t\t\t\t<h2 class=\"elementor-heading-title elementor-size-default\"><i>Vendredi 5 septembre<\/i><\/h2>\t\t\t\t<\/div>\n\t\t\t\t<\/div>\n\t\t\t\t\t<\/div>\n\t\t\t\t<\/div>\n\t\t<div class=\"elementor-element elementor-element-5e314e1 e-flex e-con-boxed e-con e-parent\" data-id=\"5e314e1\" data-element_type=\"container\">\n\t\t\t\t\t<div class=\"e-con-inner\">\n\t\t\t\t<div class=\"elementor-element elementor-element-5ae97c7 elementor-widget elementor-widget-the-events-calendar-addon\" data-id=\"5ae97c7\" data-element_type=\"widget\" data-widget_type=\"the-events-calendar-addon.default\">\n\t\t\t\t<div class=\"elementor-widget-container\">\n\t\t\t\t\t<!=========Events list Template 1.6.18=========><div id=\"ectbe-wrapper-5ae97c7\" class=\"ectbe-wrapper ectbe-list-wrapper style-1\"><div id=\"event-2426\" class=\"ectbe-inner-wrapper ectbe-simple-event\"><div class=\"ectbe-date-area\">\n                                <span class=\"ectbe-ev-day\">05<\/span>\n                                <span class=\"ectbe-ev-mo\">septembre<\/span>\n                                <span class=\"ectbe-evt-time\"><span class=\"ectbe-icon\"><i class=\"ectbe-icon-clock\" aria-hidden=\"true\"><\/i><\/span>19h00 - 20h00<\/span>\n                                <\/div><div class=\"ectbe-content-box\"><div class=\"ectbe-ev-cate\"><ul class=\"ectbe-evt-category\"><li class=\"ectbe-each-cate\"><a href=\"https:\/\/foiredemontmerle.fr\/index.php\/events\/categorie\/horaire\/\" rel=\"tag\">Horaire<\/a><\/li><li class=\"ectbe-each-cate\"><a href=\"https:\/\/foiredemontmerle.fr\/index.php\/events\/categorie\/place-du-marche\/\" rel=\"tag\">Place du march\u00e9<\/a><\/li><\/ul><\/div><div class=\"ectbe-evt-title\"><a class=\"ectbe-evt-url\" href=\"https:\/\/foiredemontmerle.fr\/index.php\/event\/initiation-et-demonstration-danse-country\/\">Initiation et d\u00e9monstration danse country- La Chapelle Country Dancers<\/a><\/div><div class=\"ectbe-evt-time\"><i class=\"ectbe-icon-clock\"><\/i>19h00 - 20h00<\/div><div class=\"ectbe-evt-description\"><p>Pour commencer notre soir\u00e9e d'ouverture de la foire, venez vous initier\u00a0 et assister au spectacle de danses country\u00a0 du club \"La Chapelle Country Dancers.\"<\/p>\n<\/div><\/div><div class=\"ectbe-evt-more-box\"><a class=\"ectbe-evt-read-more\" href=\"https:\/\/foiredemontmerle.fr\/index.php\/event\/initiation-et-demonstration-danse-country\/\">Find out more<\/a><\/div><\/div><div id=\"event-2434\" class=\"ectbe-inner-wrapper ectbe-simple-event\"><div class=\"ectbe-date-area\">\n                                <span class=\"ectbe-ev-day\">05<\/span>\n                                <span class=\"ectbe-ev-mo\">septembre<\/span>\n                                <span class=\"ectbe-evt-time\"><span class=\"ectbe-icon\"><i class=\"ectbe-icon-clock\" aria-hidden=\"true\"><\/i><\/span>19h00 - 22h00<\/span>\n                                <\/div><div class=\"ectbe-content-box\"><div class=\"ectbe-ev-cate\"><ul class=\"ectbe-evt-category\"><li class=\"ectbe-each-cate\"><a href=\"https:\/\/foiredemontmerle.fr\/index.php\/events\/categorie\/horaire\/\" rel=\"tag\">Horaire<\/a><\/li><li class=\"ectbe-each-cate\"><a href=\"https:\/\/foiredemontmerle.fr\/index.php\/events\/categorie\/place-du-marche\/\" rel=\"tag\">Place du march\u00e9<\/a><\/li><\/ul><\/div><div class=\"ectbe-evt-title\"><a class=\"ectbe-evt-url\" href=\"https:\/\/foiredemontmerle.fr\/index.php\/event\/repas-par-les-associations-des-ecoles-de-montmerle\/\">Repas par les associations des \u00e9coles de Montmerle<\/a><\/div><div class=\"ectbe-evt-time\"><i class=\"ectbe-icon-clock\"><\/i>19h00 - 22h00<\/div><div class=\"ectbe-evt-description\"><p>Sur le th\u00e8me country, les \u00e9coles Mick Micheyl et St Joseph vous pr\u00e9parent de d\u00e9licieux repas. Au menu, Chili corn carn\u00e9 ou v\u00e9g\u00e9tarien, burgers, donuts, brownies<\/p>\n<\/div><\/div><div class=\"ectbe-evt-more-box\"><a class=\"ectbe-evt-read-more\" href=\"https:\/\/foiredemontmerle.fr\/index.php\/event\/repas-par-les-associations-des-ecoles-de-montmerle\/\">Find out more<\/a><\/div><\/div><div id=\"event-2442\" class=\"ectbe-inner-wrapper ectbe-simple-event\"><div class=\"ectbe-date-area\">\n                                <span class=\"ectbe-ev-day\">05<\/span>\n                                <span class=\"ectbe-ev-mo\">septembre<\/span>\n                                <span class=\"ectbe-evt-time\"><span class=\"ectbe-icon\"><i class=\"ectbe-icon-clock\" aria-hidden=\"true\"><\/i><\/span>19h30 - 21h00<\/span>\n                                <\/div><div class=\"ectbe-content-box\"><div class=\"ectbe-ev-cate\"><ul class=\"ectbe-evt-category\"><li class=\"ectbe-each-cate\"><a href=\"https:\/\/foiredemontmerle.fr\/index.php\/events\/categorie\/horaire\/\" rel=\"tag\">Horaire<\/a><\/li><li class=\"ectbe-each-cate\"><a href=\"https:\/\/foiredemontmerle.fr\/index.php\/events\/categorie\/place-du-marche\/\" rel=\"tag\">Place du march\u00e9<\/a><\/li><\/ul><\/div><div class=\"ectbe-evt-title\"><a class=\"ectbe-evt-url\" href=\"https:\/\/foiredemontmerle.fr\/index.php\/event\/spectacle-de-magie\/\">Spectacle de magie- Mathieu Grant<\/a><\/div><div class=\"ectbe-evt-time\"><i class=\"ectbe-icon-clock\"><\/i>19h30 - 21h00<\/div><div class=\"ectbe-evt-description\"><p>Venez assister \u00e0 un superbe spectacle de magie avec Mathieu Grant. Une premi\u00e8re partie en close-up o\u00f9 Mathieu se d\u00e9placera parmi les spectateurs pour des tours de magie. Une deuxi\u00e8me [&hellip;]<\/p>\n<\/div><\/div><div class=\"ectbe-evt-more-box\"><a class=\"ectbe-evt-read-more\" href=\"https:\/\/foiredemontmerle.fr\/index.php\/event\/spectacle-de-magie\/\">Find out more<\/a><\/div><\/div><div id=\"event-2444\" class=\"ectbe-inner-wrapper ectbe-simple-event\"><div class=\"ectbe-date-area\">\n                                <span class=\"ectbe-ev-day\">05<\/span>\n                                <span class=\"ectbe-ev-mo\">septembre<\/span>\n                                <span class=\"ectbe-evt-time\"><span class=\"ectbe-icon\"><i class=\"ectbe-icon-clock\" aria-hidden=\"true\"><\/i><\/span>21h00 - 23h30<\/span>\n                                <\/div><div class=\"ectbe-content-box\"><div class=\"ectbe-ev-cate\"><ul class=\"ectbe-evt-category\"><li class=\"ectbe-each-cate\"><a href=\"https:\/\/foiredemontmerle.fr\/index.php\/events\/categorie\/horaire\/\" rel=\"tag\">Horaire<\/a><\/li><li class=\"ectbe-each-cate\"><a href=\"https:\/\/foiredemontmerle.fr\/index.php\/events\/categorie\/place-du-marche\/\" rel=\"tag\">Place du march\u00e9<\/a><\/li><\/ul><\/div><div class=\"ectbe-evt-title\"><a class=\"ectbe-evt-url\" href=\"https:\/\/foiredemontmerle.fr\/index.php\/event\/concert-du-groupe-jukebox-orchestra\/\">Concert du groupe Jukebox Orchestra<\/a><\/div><div class=\"ectbe-evt-time\"><i class=\"ectbe-icon-clock\"><\/i>21h00 - 23h30<\/div><div class=\"ectbe-evt-description\"><p>Un groupe qui nous vient de Toulouse pour nous interpr\u00e9ter un\u00a0 r\u00e9pertoire\u00a0m\u00ealant\u00a0Funk\/Bossa\/Soul\/Pop\/Rock\u00a0et\u00a0Vari\u00e9t\u00e9 fran\u00e7aise\u00a0... Leur cr\u00e9do :\u00a0 offrir des exp\u00e9riences musicales authentiques qui touchent l'\u00e2me et cr\u00e9ent des souvenirs durables.<\/p>\n<\/div><\/div><div class=\"ectbe-evt-more-box\"><a class=\"ectbe-evt-read-more\" href=\"https:\/\/foiredemontmerle.fr\/index.php\/event\/concert-du-groupe-jukebox-orchestra\/\">Find out more<\/a><\/div><\/div><\/div>\t\t\t\t<\/div>\n\t\t\t\t<\/div>\n\t\t\t\t\t<\/div>\n\t\t\t\t<\/div>\n\t\t\t\t<\/div>\n\t\t","protected":false},"excerpt":{"rendered":"<p>Vendredi 5 septembre 05 septembre 19h00 &#8211; 20h00 Horaire Place du march\u00e9 Initiation et d\u00e9monstration danse country19h00 &#8211; 20h00 Pour commencer notre soir\u00e9e d&rsquo;ouverture de la foire, venez danser et [&hellip;]<\/p>\n","protected":false},"author":1,"featured_media":0,"parent":0,"menu_order":0,"comment_status":"closed","ping_status":"closed","template":"","meta":{"ocean_post_layout":"full-width","ocean_both_sidebars_style":"","ocean_both_sidebars_content_width":0,"ocean_both_sidebars_sidebars_width":0,"ocean_sidebar":"","ocean_second_sidebar":"","ocean_disable_margins":"enable","ocean_add_body_class":"","ocean_shortcode_before_top_bar":"","ocean_shortcode_after_top_bar":"","ocean_shortcode_before_header":"","ocean_shortcode_after_header":"","ocean_has_shortcode":"","ocean_shortcode_after_title":"","ocean_shortcode_before_footer_widgets":"","ocean_shortcode_after_footer_widgets":"","ocean_shortcode_before_footer_bottom":"","ocean_shortcode_after_footer_bottom":"","ocean_display_top_bar":"default","ocean_display_header":"default","ocean_header_style":"","ocean_center_header_left_menu":"","ocean_custom_header_template":"","ocean_custom_logo":0,"ocean_custom_retina_logo":0,"ocean_custom_logo_max_width":0,"ocean_custom_logo_tablet_max_width":0,"ocean_custom_logo_mobile_max_width":0,"ocean_custom_logo_max_height":0,"ocean_custom_logo_tablet_max_height":0,"ocean_custom_logo_mobile_max_height":0,"ocean_header_custom_menu":"","ocean_menu_typo_font_family":"","ocean_menu_typo_font_subset":"","ocean_menu_typo_font_size":0,"ocean_menu_typo_font_size_tablet":0,"ocean_menu_typo_font_size_mobile":0,"ocean_menu_typo_font_size_unit":"px","ocean_menu_typo_font_weight":"","ocean_menu_typo_font_weight_tablet":"","ocean_menu_typo_font_weight_mobile":"","ocean_menu_typo_transform":"","ocean_menu_typo_transform_tablet":"","ocean_menu_typo_transform_mobile":"","ocean_menu_typo_line_height":0,"ocean_menu_typo_line_height_tablet":0,"ocean_menu_typo_line_height_mobile":0,"ocean_menu_typo_line_height_unit":"","ocean_menu_typo_spacing":0,"ocean_menu_typo_spacing_tablet":0,"ocean_menu_typo_spacing_mobile":0,"ocean_menu_typo_spacing_unit":"","ocean_menu_link_color":"","ocean_menu_link_color_hover":"","ocean_menu_link_color_active":"","ocean_menu_link_background":"","ocean_menu_link_hover_background":"","ocean_menu_link_active_background":"","ocean_menu_social_links_bg":"","ocean_menu_social_hover_links_bg":"","ocean_menu_social_links_color":"","ocean_menu_social_hover_links_color":"","ocean_disable_title":"on","ocean_disable_heading":"default","ocean_post_title":"","ocean_post_subheading":"","ocean_post_title_style":"","ocean_post_title_background_color":"","ocean_post_title_background":0,"ocean_post_title_bg_image_position":"","ocean_post_title_bg_image_attachment":"","ocean_post_title_bg_image_repeat":"","ocean_post_title_bg_image_size":"","ocean_post_title_height":0,"ocean_post_title_bg_overlay":0.5,"ocean_post_title_bg_overlay_color":"","ocean_disable_breadcrumbs":"default","ocean_breadcrumbs_color":"","ocean_breadcrumbs_separator_color":"","ocean_breadcrumbs_links_color":"","ocean_breadcrumbs_links_hover_color":"","ocean_display_footer_widgets":"default","ocean_display_footer_bottom":"default","ocean_custom_footer_template":"","footnotes":""},"class_list":["post-2428","page","type-page","status-publish","hentry","entry"],"yoast_head":"<!-- This site is optimized with the Yoast SEO plugin v25.5 - https:\/\/yoast.com\/wordpress\/plugins\/seo\/ -->\n<title>Programme vendredi 5 septembre - Foire de Montmerle sur Sa\u00f4ne<\/title>\n<meta name=\"description\" content=\"Soir\u00e9e d&#039;ouverture de la foire de Montmerle sur Sa\u00f4ne avec au programme danses country, spectacle de magie et concert pop-rock. Le tout autour d&#039;un repas organis\u00e9 par les 2 associations d&#039;\u00e9coles.\" \/>\n<meta name=\"robots\" content=\"index, follow, max-snippet:-1, max-image-preview:large, max-video-preview:-1\" \/>\n<link rel=\"canonical\" href=\"https:\/\/foiredemontmerle.fr\/index.php\/programme-vendredi-5\/\" \/>\n<meta property=\"og:locale\" content=\"fr_FR\" \/>\n<meta property=\"og:type\" content=\"article\" \/>\n<meta property=\"og:title\" content=\"Programme vendredi 5 septembre - Foire de Montmerle sur Sa\u00f4ne\" \/>\n<meta property=\"og:description\" content=\"Soir\u00e9e d&#039;ouverture de la foire de Montmerle sur Sa\u00f4ne avec au programme danses country, spectacle de magie et concert pop-rock. Le tout autour d&#039;un repas organis\u00e9 par les 2 associations d&#039;\u00e9coles.\" \/>\n<meta property=\"og:url\" content=\"https:\/\/foiredemontmerle.fr\/index.php\/programme-vendredi-5\/\" \/>\n<meta property=\"og:site_name\" content=\"Foire de Montmerle sur Sa\u00f4ne\" \/>\n<meta property=\"article:publisher\" content=\"https:\/\/www.facebook.com\/profile.php?id=61558611375023\" \/>\n<meta property=\"article:modified_time\" content=\"2025-07-16T14:39:36+00:00\" \/>\n<meta name=\"twitter:card\" content=\"summary_large_image\" \/>\n<meta name=\"twitter:label1\" content=\"Dur\u00e9e de lecture estim\u00e9e\" \/>\n\t<meta name=\"twitter:data1\" content=\"1 minute\" \/>\n<script type=\"application\/ld+json\" class=\"yoast-schema-graph\">{\"@context\":\"https:\/\/schema.org\",\"@graph\":[{\"@type\":\"WebPage\",\"@id\":\"https:\/\/foiredemontmerle.fr\/index.php\/programme-vendredi-5\/\",\"url\":\"https:\/\/foiredemontmerle.fr\/index.php\/programme-vendredi-5\/\",\"name\":\"Programme vendredi 5 septembre - Foire de Montmerle sur Sa\u00f4ne\",\"isPartOf\":{\"@id\":\"https:\/\/foiredemontmerle.fr\/#website\"},\"datePublished\":\"2025-07-16T13:54:00+00:00\",\"dateModified\":\"2025-07-16T14:39:36+00:00\",\"description\":\"Soir\u00e9e d'ouverture de la foire de Montmerle sur Sa\u00f4ne avec au programme danses country, spectacle de magie et concert pop-rock. Le tout autour d'un repas organis\u00e9 par les 2 associations d'\u00e9coles.\",\"breadcrumb\":{\"@id\":\"https:\/\/foiredemontmerle.fr\/index.php\/programme-vendredi-5\/#breadcrumb\"},\"inLanguage\":\"fr-FR\",\"potentialAction\":[{\"@type\":\"ReadAction\",\"target\":[\"https:\/\/foiredemontmerle.fr\/index.php\/programme-vendredi-5\/\"]}]},{\"@type\":\"BreadcrumbList\",\"@id\":\"https:\/\/foiredemontmerle.fr\/index.php\/programme-vendredi-5\/#breadcrumb\",\"itemListElement\":[{\"@type\":\"ListItem\",\"position\":1,\"name\":\"Accueil\",\"item\":\"https:\/\/foiredemontmerle.fr\/\"},{\"@type\":\"ListItem\",\"position\":2,\"name\":\"Programme vendredi 5 septembre\"}]},{\"@type\":\"WebSite\",\"@id\":\"https:\/\/foiredemontmerle.fr\/#website\",\"url\":\"https:\/\/foiredemontmerle.fr\/\",\"name\":\"Foire de Montmerle sur Sa\u00f4ne\",\"description\":\"\",\"publisher\":{\"@id\":\"https:\/\/foiredemontmerle.fr\/#organization\"},\"potentialAction\":[{\"@type\":\"SearchAction\",\"target\":{\"@type\":\"EntryPoint\",\"urlTemplate\":\"https:\/\/foiredemontmerle.fr\/?s={search_term_string}\"},\"query-input\":{\"@type\":\"PropertyValueSpecification\",\"valueRequired\":true,\"valueName\":\"search_term_string\"}}],\"inLanguage\":\"fr-FR\"},{\"@type\":\"Organization\",\"@id\":\"https:\/\/foiredemontmerle.fr\/#organization\",\"name\":\"Foire de Montmerle sur Sa\u00f4ne\",\"url\":\"https:\/\/foiredemontmerle.fr\/\",\"logo\":{\"@type\":\"ImageObject\",\"inLanguage\":\"fr-FR\",\"@id\":\"https:\/\/foiredemontmerle.fr\/#\/schema\/logo\/image\/\",\"url\":\"https:\/\/foiredemontmerle.fr\/wp-content\/uploads\/2024\/06\/cropped-Foire-de-Montmerle-VIERGE-512x512-web.jpg\",\"contentUrl\":\"https:\/\/foiredemontmerle.fr\/wp-content\/uploads\/2024\/06\/cropped-Foire-de-Montmerle-VIERGE-512x512-web.jpg\",\"width\":512,\"height\":432,\"caption\":\"Foire de Montmerle sur Sa\u00f4ne\"},\"image\":{\"@id\":\"https:\/\/foiredemontmerle.fr\/#\/schema\/logo\/image\/\"},\"sameAs\":[\"https:\/\/www.facebook.com\/profile.php?id=61558611375023\",\"https:\/\/www.instagram.com\/foire.montmerlesursaone\/\"]}]}<\/script>\n<!-- \/ Yoast SEO plugin. -->","yoast_head_json":{"title":"Programme vendredi 5 septembre - Foire de Montmerle sur Sa\u00f4ne","description":"Soir\u00e9e d'ouverture de la foire de Montmerle sur Sa\u00f4ne avec au programme danses country, spectacle de magie et concert pop-rock. Le tout autour d'un repas organis\u00e9 par les 2 associations d'\u00e9coles.","robots":{"index":"index","follow":"follow","max-snippet":"max-snippet:-1","max-image-preview":"max-image-preview:large","max-video-preview":"max-video-preview:-1"},"canonical":"https:\/\/foiredemontmerle.fr\/index.php\/programme-vendredi-5\/","og_locale":"fr_FR","og_type":"article","og_title":"Programme vendredi 5 septembre - Foire de Montmerle sur Sa\u00f4ne","og_description":"Soir\u00e9e d'ouverture de la foire de Montmerle sur Sa\u00f4ne avec au programme danses country, spectacle de magie et concert pop-rock. Le tout autour d'un repas organis\u00e9 par les 2 associations d'\u00e9coles.","og_url":"https:\/\/foiredemontmerle.fr\/index.php\/programme-vendredi-5\/","og_site_name":"Foire de Montmerle sur Sa\u00f4ne","article_publisher":"https:\/\/www.facebook.com\/profile.php?id=61558611375023","article_modified_time":"2025-07-16T14:39:36+00:00","twitter_card":"summary_large_image","twitter_misc":{"Dur\u00e9e de lecture estim\u00e9e":"1 minute"},"schema":{"@context":"https:\/\/schema.org","@graph":[{"@type":"WebPage","@id":"https:\/\/foiredemontmerle.fr\/index.php\/programme-vendredi-5\/","url":"https:\/\/foiredemontmerle.fr\/index.php\/programme-vendredi-5\/","name":"Programme vendredi 5 septembre - Foire de Montmerle sur Sa\u00f4ne","isPartOf":{"@id":"https:\/\/foiredemontmerle.fr\/#website"},"datePublished":"2025-07-16T13:54:00+00:00","dateModified":"2025-07-16T14:39:36+00:00","description":"Soir\u00e9e d'ouverture de la foire de Montmerle sur Sa\u00f4ne avec au programme danses country, spectacle de magie et concert pop-rock. Le tout autour d'un repas organis\u00e9 par les 2 associations d'\u00e9coles.","breadcrumb":{"@id":"https:\/\/foiredemontmerle.fr\/index.php\/programme-vendredi-5\/#breadcrumb"},"inLanguage":"fr-FR","potentialAction":[{"@type":"ReadAction","target":["https:\/\/foiredemontmerle.fr\/index.php\/programme-vendredi-5\/"]}]},{"@type":"BreadcrumbList","@id":"https:\/\/foiredemontmerle.fr\/index.php\/programme-vendredi-5\/#breadcrumb","itemListElement":[{"@type":"ListItem","position":1,"name":"Accueil","item":"https:\/\/foiredemontmerle.fr\/"},{"@type":"ListItem","position":2,"name":"Programme vendredi 5 septembre"}]},{"@type":"WebSite","@id":"https:\/\/foiredemontmerle.fr\/#website","url":"https:\/\/foiredemontmerle.fr\/","name":"Foire de Montmerle sur Sa\u00f4ne","description":"","publisher":{"@id":"https:\/\/foiredemontmerle.fr\/#organization"},"potentialAction":[{"@type":"SearchAction","target":{"@type":"EntryPoint","urlTemplate":"https:\/\/foiredemontmerle.fr\/?s={search_term_string}"},"query-input":{"@type":"PropertyValueSpecification","valueRequired":true,"valueName":"search_term_string"}}],"inLanguage":"fr-FR"},{"@type":"Organization","@id":"https:\/\/foiredemontmerle.fr\/#organization","name":"Foire de Montmerle sur Sa\u00f4ne","url":"https:\/\/foiredemontmerle.fr\/","logo":{"@type":"ImageObject","inLanguage":"fr-FR","@id":"https:\/\/foiredemontmerle.fr\/#\/schema\/logo\/image\/","url":"https:\/\/foiredemontmerle.fr\/wp-content\/uploads\/2024\/06\/cropped-Foire-de-Montmerle-VIERGE-512x512-web.jpg","contentUrl":"https:\/\/foiredemontmerle.fr\/wp-content\/uploads\/2024\/06\/cropped-Foire-de-Montmerle-VIERGE-512x512-web.jpg","width":512,"height":432,"caption":"Foire de Montmerle sur Sa\u00f4ne"},"image":{"@id":"https:\/\/foiredemontmerle.fr\/#\/schema\/logo\/image\/"},"sameAs":["https:\/\/www.facebook.com\/profile.php?id=61558611375023","https:\/\/www.instagram.com\/foire.montmerlesursaone\/"]}]}},"_links":{"self":[{"href":"https:\/\/foiredemontmerle.fr\/index.php\/wp-json\/wp\/v2\/pages\/2428","targetHints":{"allow":["GET"]}}],"collection":[{"href":"https:\/\/foiredemontmerle.fr\/index.php\/wp-json\/wp\/v2\/pages"}],"about":[{"href":"https:\/\/foiredemontmerle.fr\/index.php\/wp-json\/wp\/v2\/types\/page"}],"author":[{"embeddable":true,"href":"https:\/\/foiredemontmerle.fr\/index.php\/wp-json\/wp\/v2\/users\/1"}],"replies":[{"embeddable":true,"href":"https:\/\/foiredemontmerle.fr\/index.php\/wp-json\/wp\/v2\/comments?post=2428"}],"version-history":[{"count":11,"href":"https:\/\/foiredemontmerle.fr\/index.php\/wp-json\/wp\/v2\/pages\/2428\/revisions"}],"predecessor-version":[{"id":2449,"href":"https:\/\/foiredemontmerle.fr\/index.php\/wp-json\/wp\/v2\/pages\/2428\/revisions\/2449"}],"wp:attachment":[{"href":"https:\/\/foiredemontmerle.fr\/index.php\/wp-json\/wp\/v2\/media?parent=2428"}],"curies":[{"name":"wp","href":"https:\/\/api.w.org\/{rel}","templated":true}]}}